{"id":261,"date":"2024-05-20T07:54:36","date_gmt":"2024-05-20T07:54:36","guid":{"rendered":"https:\/\/demosites.royal-elementor-addons.com\/graphic-nature-v1\/?page_id=7"},"modified":"2026-07-09T16:27:06","modified_gmt":"2026-07-09T16:27:06","slug":"home-graphic-nature-v1","status":"publish","type":"page","link":"https:\/\/pilarmoraga.cl\/","title":{"rendered":"Home"},"content":{"rendered":"\t\t<div data-elementor-type=\"wp-page\" data-elementor-id=\"261\" class=\"elementor elementor-261\">\n\t\t\t\t<div class=\"elementor-element elementor-element-3083d6f elementor-hidden-mobile e-flex e-con-boxed wpr-jarallax-no wpr-parallax-no wpr-sticky-section-no wpr-column-slider-no wpr-equal-height-no e-con e-parent\" data-id=\"3083d6f\" data-element_type=\"container\" data-e-type=\"container\" data-settings=\"{&quot;background_background&quot;:&quot;classic&quot;,&quot;shape_divider_bottom&quot;:&quot;tilt&quot;}\">\n\t\t\t\t\t<div class=\"e-con-inner\">\n\t\t\t\t<div class=\"elementor-shape elementor-shape-bottom\" aria-hidden=\"true\" data-negative=\"false\">\n\t\t\t<svg xmlns=\"http:\/\/www.w3.org\/2000\/svg\" viewBox=\"0 0 1000 100\" preserveAspectRatio=\"none\">\n\t<path class=\"elementor-shape-fill\" d=\"M0,6V0h1000v100L0,6z\"\/>\n<\/svg>\t\t<\/div>\n\t\t\t\t<div class=\"elementor-element elementor-element-58dcff7 elementor-widget elementor-widget-text-editor\" data-id=\"58dcff7\" data-element_type=\"widget\" data-e-type=\"widget\" data-widget_type=\"text-editor.default\">\n\t\t\t\t\t\t\t\t\t<h4><em>Candidatura al Decanato<\/em><br \/>Facultad de Derecho \u2013 Universidad de Chile<\/h4><h2><strong>Prof. Titular Pilar Moraga Sariego<\/strong><\/h2>\t\t\t\t\t\t\t\t<\/div>\n\t\t\t\t<div class=\"elementor-element elementor-element-42799d9 elementor-align-right elementor-widget elementor-widget-button\" data-id=\"42799d9\" data-element_type=\"widget\" data-e-type=\"widget\" data-widget_type=\"button.default\">\n\t\t\t\t\t\t\t\t\t\t<a class=\"elementor-button elementor-button-link elementor-size-sm\" href=\"https:\/\/pilarmoraga.cl\/wp-content\/uploads\/2026\/04\/Programa_candidata_PilarMoraga.pdf\" target=\"_blank\">\n\t\t\t\t\t\t<span class=\"elementor-button-content-wrapper\">\n\t\t\t\t\t\t\t\t\t<span class=\"elementor-button-text\">Descargue la Propuesta Program\u00e1tica<\/span>\n\t\t\t\t\t<\/span>\n\t\t\t\t\t<\/a>\n\t\t\t\t\t\t\t\t<\/div>\n\t\t\t\t\t<\/div>\n\t\t\t\t<\/div>\n\t\t<div class=\"elementor-element elementor-element-0c2d655 elementor-hidden-desktop elementor-hidden-laptop elementor-hidden-tablet e-flex e-con-boxed wpr-particle-no wpr-jarallax-no wpr-parallax-no wpr-sticky-section-no wpr-column-slider-no wpr-equal-height-no e-con e-parent\" data-id=\"0c2d655\" data-element_type=\"container\" data-e-type=\"container\" data-settings=\"{&quot;background_background&quot;:&quot;classic&quot;,&quot;shape_divider_bottom&quot;:&quot;tilt&quot;}\">\n\t\t\t\t\t<div class=\"e-con-inner\">\n\t\t\t\t<div class=\"elementor-shape elementor-shape-bottom\" aria-hidden=\"true\" data-negative=\"false\">\n\t\t\t<svg xmlns=\"http:\/\/www.w3.org\/2000\/svg\" viewBox=\"0 0 1000 100\" preserveAspectRatio=\"none\">\n\t<path class=\"elementor-shape-fill\" d=\"M0,6V0h1000v100L0,6z\"\/>\n<\/svg>\t\t<\/div>\n\t\t\t\t<div class=\"elementor-element elementor-element-4bd1323 elementor-widget elementor-widget-image\" data-id=\"4bd1323\" data-element_type=\"widget\" data-e-type=\"widget\" data-widget_type=\"image.default\">\n\t\t\t\t\t\t\t\t\t\t\t\t\t\t\t<img fetchpriority=\"high\" decoding=\"async\" width=\"960\" height=\"186\" src=\"https:\/\/pilarmoraga.cl\/wp-content\/uploads\/2024\/05\/logo3-1024x198.png\" class=\"attachment-large size-large wp-image-287\" alt=\"\" srcset=\"https:\/\/pilarmoraga.cl\/wp-content\/uploads\/2024\/05\/logo3-1024x198.png 1024w, https:\/\/pilarmoraga.cl\/wp-content\/uploads\/2024\/05\/logo3-300x58.png 300w, https:\/\/pilarmoraga.cl\/wp-content\/uploads\/2024\/05\/logo3-768x148.png 768w, https:\/\/pilarmoraga.cl\/wp-content\/uploads\/2024\/05\/logo3.png 1200w\" sizes=\"(max-width: 960px) 100vw, 960px\" \/>\t\t\t\t\t\t\t\t\t\t\t\t\t\t\t<\/div>\n\t\t\t\t<div class=\"elementor-element elementor-element-a020842 elementor-widget elementor-widget-spacer\" data-id=\"a020842\" data-element_type=\"widget\" data-e-type=\"widget\" data-widget_type=\"spacer.default\">\n\t\t\t\t\t\t\t<div class=\"elementor-spacer\">\n\t\t\t<div class=\"elementor-spacer-inner\"><\/div>\n\t\t<\/div>\n\t\t\t\t\t\t<\/div>\n\t\t\t\t<div class=\"elementor-element elementor-element-5260ec3 elementor-widget elementor-widget-text-editor\" data-id=\"5260ec3\" data-element_type=\"widget\" data-e-type=\"widget\" data-widget_type=\"text-editor.default\">\n\t\t\t\t\t\t\t\t\t<p style=\"text-align: right;\"><em>Candidatura al Decanato<\/em><br \/>Facultad de Derecho \u2013 Universidad de Chile<\/p>\t\t\t\t\t\t\t\t<\/div>\n\t\t\t\t<div class=\"elementor-element elementor-element-683e18f elementor-widget elementor-widget-heading\" data-id=\"683e18f\" data-element_type=\"widget\" data-e-type=\"widget\" data-widget_type=\"heading.default\">\n\t\t\t\t\t<h2 class=\"elementor-heading-title elementor-size-default\">Prof. Titular Pilar Moraga Sariego<\/h2>\t\t\t\t<\/div>\n\t\t\t\t<div class=\"elementor-element elementor-element-174fff5 elementor-mobile-align-right elementor-widget elementor-widget-button\" data-id=\"174fff5\" data-element_type=\"widget\" data-e-type=\"widget\" data-widget_type=\"button.default\">\n\t\t\t\t\t\t\t\t\t\t<a class=\"elementor-button elementor-button-link elementor-size-sm\" href=\"https:\/\/pilarmoraga.cl\/wp-content\/uploads\/2026\/04\/Programa_candidata_PilarMoraga.pdf\" target=\"_blank\">\n\t\t\t\t\t\t<span class=\"elementor-button-content-wrapper\">\n\t\t\t\t\t\t\t\t\t<span class=\"elementor-button-text\">Propuesta Program\u00e1tica<\/span>\n\t\t\t\t\t<\/span>\n\t\t\t\t\t<\/a>\n\t\t\t\t\t\t\t\t<\/div>\n\t\t\t\t\t<\/div>\n\t\t\t\t<\/div>\n\t\t<div class=\"elementor-element elementor-element-37d657e e-flex e-con-boxed wpr-particle-no wpr-jarallax-no wpr-parallax-no wpr-sticky-section-no wpr-column-slider-no wpr-equal-height-no e-con e-parent\" data-id=\"37d657e\" data-element_type=\"container\" data-e-type=\"container\" data-settings=\"{&quot;background_background&quot;:&quot;classic&quot;}\">\n\t\t\t\t\t<div class=\"e-con-inner\">\n\t\t<div class=\"elementor-element elementor-element-e5b3b11 e-con-full e-flex wpr-particle-no wpr-jarallax-no wpr-parallax-no wpr-sticky-section-no wpr-column-slider-no wpr-equal-height-no elementor-invisible e-con e-child\" data-id=\"e5b3b11\" data-element_type=\"container\" data-e-type=\"container\" data-settings=\"{&quot;animation&quot;:&quot;slideInLeft&quot;}\">\n\t\t\t\t<div class=\"elementor-element elementor-element-164d751 elementor-widget elementor-widget-text-editor\" data-id=\"164d751\" data-element_type=\"widget\" data-e-type=\"widget\" data-settings=\"{&quot;_animation_laptop&quot;:&quot;slideInLeft&quot;}\" data-widget_type=\"text-editor.default\">\n\t\t\t\t\t\t\t\t\t<p>La Facultad de Derecho de la Universidad de Chile ha desempe\u00f1ado hist\u00f3ricamente un papel central en el desarrollo institucional, jur\u00eddico y democr\u00e1tico del pa\u00eds. Su trayectoria se encuentra estrechamente vinculada a la formaci\u00f3n de juristas que han contribuido a la construcci\u00f3n del Estado de Derecho y al fortalecimiento de las instituciones p\u00fablicas, tanto a nivel nacional como internacional. Esta tradici\u00f3n no se limita a la transmisi\u00f3n de conocimientos t\u00e9cnicos, sino que se expresa en una vocaci\u00f3n p\u00fablica orientada a la formaci\u00f3n \u00e9tica de los profesionales del derecho, a la producci\u00f3n de conocimiento jur\u00eddico cr\u00edtico y a la participaci\u00f3n activa en los debates que configuran la vida institucional del pa\u00eds.<\/p><p>En el contexto actual, marcado por profundas transformaciones sociales, tecnol\u00f3gicas, econ\u00f3micas y pol\u00edticas \u2014entre ellas la aceleraci\u00f3n tecnol\u00f3gica, la crisis clim\u00e1tica y ecol\u00f3gica, la reconfiguraci\u00f3n de las relaciones entre Estado, mercado y ciudadan\u00eda, y los desaf\u00edos que enfrentan las democracias contempor\u00e1neas, en un marco de conflicto internacional \u2014 la Facultad de Derecho de la Universidad de Chile est\u00e1 llamada no solo a adaptarse a dichos cambios, sino tambi\u00e9n ejercer un liderazgo intelectual en su interpretaci\u00f3n y en la elaboraci\u00f3n de respuestas jur\u00eddicas frente a ellas.<\/p>\t\t\t\t\t\t\t\t<\/div>\n\t\t\t\t<\/div>\n\t\t<div class=\"elementor-element elementor-element-9af76c6 e-con-full e-flex wpr-particle-no wpr-jarallax-no wpr-parallax-no wpr-sticky-section-no wpr-column-slider-no wpr-equal-height-no elementor-invisible e-con e-child\" data-id=\"9af76c6\" data-element_type=\"container\" data-e-type=\"container\" data-settings=\"{&quot;animation&quot;:&quot;slideInUp&quot;,&quot;animation_laptop&quot;:&quot;slideInUp&quot;}\">\n\t\t\t\t<div class=\"elementor-element elementor-element-f5c3a62 elementor-widget elementor-widget-text-editor\" data-id=\"f5c3a62\" data-element_type=\"widget\" data-e-type=\"widget\" data-settings=\"{&quot;_animation_laptop&quot;:&quot;slideInUp&quot;}\" data-widget_type=\"text-editor.default\">\n\t\t\t\t\t\t\t\t\t<p>Aquello exige articular saberes, promover el di\u00e1logo entre distintas tradiciones jur\u00eddicas, integrar perspectivas interdisciplinarias y situar el conocimiento jur\u00eddico al servicio de la deliberaci\u00f3n democr\u00e1tica y del inter\u00e9s p\u00fablico.<\/p><p>La presente propuesta se funda en la convicci\u00f3n de que la direcci\u00f3n acad\u00e9mica no se impone por la v\u00eda de la autoridad formal, ni por el solo cumplimiento de indicadores de desempe\u00f1o. Gobernar la Facultad implica, ante todo, crear condiciones estables y justas para que la docencia, la investigaci\u00f3n y la vinculaci\u00f3n con el medio se desarrollen en un marco de cooperaci\u00f3n interna, rigor acad\u00e9mico e impacto p\u00fablico. El objetivo es proyectar a la Facultad de Derecho de la Universidad de Chile como un referente intelectual a nivel nacional e internacional, respetuoso del pensamiento plural, enriquecido por la diversidad de un claustro compuesto por diversas vocaciones acad\u00e9micas y profesionales. Esta proyecci\u00f3n no se concibe como un fin en s\u00ed mismo, ni como un ejercicio de posicionamiento simb\u00f3lico, sino como una expresi\u00f3n concreta del car\u00e1cter p\u00fablico de la Facultad y de su compromiso con la calidad de la democracia y el Estado de Derecho.<\/p>\t\t\t\t\t\t\t\t<\/div>\n\t\t\t\t<\/div>\n\t\t<div class=\"elementor-element elementor-element-c60730a e-con-full e-flex wpr-particle-no wpr-jarallax-no wpr-parallax-no wpr-sticky-section-no wpr-column-slider-no wpr-equal-height-no elementor-invisible e-con e-child\" data-id=\"c60730a\" data-element_type=\"container\" data-e-type=\"container\" data-settings=\"{&quot;animation&quot;:&quot;slideInRight&quot;}\">\n\t\t\t\t<div class=\"elementor-element elementor-element-1fee2aa elementor-widget elementor-widget-text-editor\" data-id=\"1fee2aa\" data-element_type=\"widget\" data-e-type=\"widget\" data-settings=\"{&quot;_animation_laptop&quot;:&quot;slideInRight&quot;}\" data-widget_type=\"text-editor.default\">\n\t\t\t\t\t\t\t\t\t<p><span style=\"color: #ff4285;\"><em>Candidata a Decana 2026-2030<\/em><\/span><\/p>\t\t\t\t\t\t\t\t<\/div>\n\t\t\t\t<div class=\"elementor-element elementor-element-5ae43e3 elementor-widget elementor-widget-text-editor\" data-id=\"5ae43e3\" data-element_type=\"widget\" data-e-type=\"widget\" data-settings=\"{&quot;_animation_laptop&quot;:&quot;slideInRight&quot;}\" data-widget_type=\"text-editor.default\">\n\t\t\t\t\t\t\t\t\t<h4><span style=\"color: #00397d;\"><strong>Pilar Moraga Sariego<\/strong><\/span><\/h4><p><span style=\"color: #000000;\">Profesora Titular de la Universidad de Chile<br \/><\/span><span style=\"color: #000000;\">Abogada de la Universidad de Chile<br \/><\/span><span style=\"color: #000000;\">M\u00e1ster en Derecho Internacional y Comunitario, Universidad de Lille<br \/><\/span><span style=\"color: #000000;\">Doctora en derecho p\u00fablico, Universidad de Lille<\/span><\/p>\t\t\t\t\t\t\t\t<\/div>\n\t\t\t\t<div class=\"elementor-element elementor-element-2fcde38 elementor-widget elementor-widget-text-editor\" data-id=\"2fcde38\" data-element_type=\"widget\" data-e-type=\"widget\" data-settings=\"{&quot;_animation_laptop&quot;:&quot;slideInRight&quot;}\" data-widget_type=\"text-editor.default\">\n\t\t\t\t\t\t\t\t\t<p>Actualmente soy directora del Centro de Derecho Ambiental de la Facultad de Derecho de la U. de Chile (CDA). Tambi\u00e9n he ocupado los cargos de Directora de la Escuela de Pregrado y de Postgrado, Consejera de Facultad electa y miembro de la Comisi\u00f3n Superior de Calificaci\u00f3n de la Universidad de Chile.<\/p><p>En materia de investigaci\u00f3n he dirigido proyectos de redes internacionales con financiamiento ANID (Redes, AMSUD), ocup\u00e9 el cargo de directora del Centro de Ciencia del Clima y la Resiliencia CR2 (centro de excelencia FONDAP) y fui investigadora asociada del Centro de Energ\u00eda Solar SERC-Chile. Tambi\u00e9n he liderado investigaciones mediante proyectos Fondecyt de iniciaci\u00f3n y regular.<\/p>\t\t\t\t\t\t\t\t<\/div>\n\t\t\t\t<div class=\"elementor-element elementor-element-7b9711d elementor-widget elementor-widget-n-accordion\" data-id=\"7b9711d\" data-element_type=\"widget\" data-e-type=\"widget\" data-settings=\"{&quot;default_state&quot;:&quot;all_collapsed&quot;,&quot;max_items_expended&quot;:&quot;one&quot;,&quot;n_accordion_animation_duration&quot;:{&quot;unit&quot;:&quot;ms&quot;,&quot;size&quot;:400,&quot;sizes&quot;:[]}}\" data-widget_type=\"nested-accordion.default\">\n\t\t\t\t\t\t\t<div class=\"e-n-accordion\" aria-label=\"Accordion. Open links with Enter or Space, close with Escape, and navigate with Arrow Keys\">\n\t\t\t\t\t\t<details id=\"e-n-accordion-item-1290\" class=\"e-n-accordion-item\" >\n\t\t\t\t<summary class=\"e-n-accordion-item-title\" data-accordion-index=\"1\" tabindex=\"0\" aria-expanded=\"false\" aria-controls=\"e-n-accordion-item-1290\" >\n\t\t\t\t\t<span class='e-n-accordion-item-title-header'><div class=\"e-n-accordion-item-title-text\"> Vea m\u00e1s sobre mi trayectoria <\/div><\/span>\n\t\t\t\t\t\t\t<span class='e-n-accordion-item-title-icon'>\n\t\t\t<span class='e-opened' ><svg aria-hidden=\"true\" class=\"e-font-icon-svg e-fas-minus\" viewBox=\"0 0 448 512\" xmlns=\"http:\/\/www.w3.org\/2000\/svg\"><path d=\"M416 208H32c-17.67 0-32 14.33-32 32v32c0 17.67 14.33 32 32 32h384c17.67 0 32-14.33 32-32v-32c0-17.67-14.33-32-32-32z\"><\/path><\/svg><\/span>\n\t\t\t<span class='e-closed'><svg aria-hidden=\"true\" class=\"e-font-icon-svg e-fas-plus\" viewBox=\"0 0 448 512\" xmlns=\"http:\/\/www.w3.org\/2000\/svg\"><path d=\"M416 208H272V64c0-17.67-14.33-32-32-32h-32c-17.67 0-32 14.33-32 32v144H32c-17.67 0-32 14.33-32 32v32c0 17.67 14.33 32 32 32h144v144c0 17.67 14.33 32 32 32h32c17.67 0 32-14.33 32-32V304h144c17.67 0 32-14.33 32-32v-32c0-17.67-14.33-32-32-32z\"><\/path><\/svg><\/span>\n\t\t<\/span>\n\n\t\t\t\t\t\t<\/summary>\n\t\t\t\t<div role=\"region\" aria-labelledby=\"e-n-accordion-item-1290\" class=\"elementor-element elementor-element-a4ae689 e-con-full e-flex wpr-particle-no wpr-jarallax-no wpr-parallax-no wpr-sticky-section-no wpr-column-slider-no wpr-equal-height-no e-con e-child\" data-id=\"a4ae689\" data-element_type=\"container\" data-e-type=\"container\">\n\t\t\t\t<div class=\"elementor-element elementor-element-94e475d elementor-widget elementor-widget-text-editor\" data-id=\"94e475d\" data-element_type=\"widget\" data-e-type=\"widget\" data-widget_type=\"text-editor.default\">\n\t\t\t\t\t\t\t\t\t<p style=\"text-align: justify;\">He realizado diversas publicaciones en el \u00e1rea del derecho ambiental y cambio clim\u00e1tico, y particip\u00e9 en la asesor\u00eda legislativa en la tramitaci\u00f3n de la Ley de Cambio Clim\u00e1tico y form\u00e9 parte de la delegaci\u00f3n de Chile en la conferencia de las partes de la Convenci\u00f3n Marco de Naciones Unidas para el Cambio Clim\u00e1tico y del Acuerdo de Par\u00eds, realizada anualmente.<\/p><p>He dirigido numerosos estudios para organismos internacionales como el Banco Mundial, FAO, Cepal, Parlamericas, Euroclima, Banco Interamericano de Desarrollo y nacionales: Ministerio del Medio Ambiente, Ministerio de Energ\u00eda, Contraloria General de la Rep\u00fablica, entre otros.<\/p><p><img decoding=\"async\" class=\"aligncenter size-full wp-image-382\" src=\"https:\/\/pilarmoraga.cl\/wp-content\/uploads\/2026\/03\/pilar1.jpg\" alt=\"\" width=\"800\" height=\"692\" srcset=\"https:\/\/pilarmoraga.cl\/wp-content\/uploads\/2026\/03\/pilar1.jpg 800w, https:\/\/pilarmoraga.cl\/wp-content\/uploads\/2026\/03\/pilar1-300x260.jpg 300w, https:\/\/pilarmoraga.cl\/wp-content\/uploads\/2026\/03\/pilar1-768x664.jpg 768w\" sizes=\"(max-width: 800px) 100vw, 800px\" \/><\/p><p style=\"text-align: justify;\">\u00a0<\/p>\t\t\t\t\t\t\t\t<\/div>\n\t\t\t\t<\/div>\n\t\t\t\t\t<\/details>\n\t\t\t\t\t<\/div>\n\t\t\t\t\t\t<\/div>\n\t\t\t\t<\/div>\n\t\t\t\t\t<\/div>\n\t\t\t\t<\/div>\n\t\t<div class=\"elementor-element elementor-element-6d818d2 e-flex e-con-boxed wpr-particle-no wpr-jarallax-no wpr-parallax-no wpr-sticky-section-no wpr-column-slider-no wpr-equal-height-no e-con e-parent\" data-id=\"6d818d2\" data-element_type=\"container\" data-e-type=\"container\" data-settings=\"{&quot;background_background&quot;:&quot;classic&quot;}\">\n\t\t\t\t\t<div class=\"e-con-inner\">\n\t\t<div class=\"elementor-element elementor-element-6e39beb e-con-full e-flex wpr-particle-no wpr-jarallax-no wpr-parallax-no wpr-sticky-section-no wpr-column-slider-no wpr-equal-height-no elementor-invisible e-con e-child\" data-id=\"6e39beb\" data-element_type=\"container\" data-e-type=\"container\" data-settings=\"{&quot;animation&quot;:&quot;slideInLeft&quot;}\">\n\t\t\t\t<\/div>\n\t\t<div class=\"elementor-element elementor-element-d405252 e-con-full e-flex wpr-particle-no wpr-jarallax-no wpr-parallax-no wpr-sticky-section-no wpr-column-slider-no wpr-equal-height-no e-con e-child\" data-id=\"d405252\" data-element_type=\"container\" data-e-type=\"container\" data-settings=\"{&quot;animation&quot;:&quot;none&quot;}\">\n\t\t\t\t<div class=\"elementor-element elementor-element-05f5a1c elementor-widget elementor-widget-text-editor\" data-id=\"05f5a1c\" data-element_type=\"widget\" data-e-type=\"widget\" data-widget_type=\"text-editor.default\">\n\t\t\t\t\t\t\t\t\t<p>La construcci\u00f3n de este proyecto institucional requiere el <strong>compromiso conjunto<\/strong> de acad\u00e9micas y acad\u00e9micos, estudiantes y funcionarios que permita<strong> proyectar a la Facultad<\/strong> en el escenario nacional e internacional, preservando su car\u00e1cter p\u00fablico y su <strong>vocaci\u00f3n de servicio al pa\u00eds<\/strong>.<\/p>\t\t\t\t\t\t\t\t<\/div>\n\t\t\t\t<\/div>\n\t\t\t\t\t<\/div>\n\t\t\t\t<\/div>\n\t\t<div class=\"elementor-element elementor-element-b4478d5 e-flex e-con-boxed wpr-particle-no wpr-jarallax-no wpr-parallax-no wpr-sticky-section-no wpr-column-slider-no wpr-equal-height-no e-con e-parent\" data-id=\"b4478d5\" data-element_type=\"container\" data-e-type=\"container\" id=\"propuestas\">\n\t\t\t\t\t<div class=\"e-con-inner\">\n\t\t\t\t<div class=\"elementor-element elementor-element-3c656f8 elementor-widget elementor-widget-heading\" data-id=\"3c656f8\" data-element_type=\"widget\" data-e-type=\"widget\" data-widget_type=\"heading.default\">\n\t\t\t\t\t<h2 class=\"elementor-heading-title elementor-size-default\">Propuesta program\u00e1tica<\/h2>\t\t\t\t<\/div>\n\t\t\t\t\t<\/div>\n\t\t\t\t<\/div>\n\t\t<div class=\"elementor-element elementor-element-b0b7e0f e-flex e-con-boxed wpr-particle-no wpr-jarallax-no wpr-parallax-no wpr-sticky-section-no wpr-column-slider-no wpr-equal-height-no e-con e-parent\" data-id=\"b0b7e0f\" data-element_type=\"container\" data-e-type=\"container\">\n\t\t\t\t\t<div class=\"e-con-inner\">\n\t\t<div class=\"elementor-element elementor-element-624b8f7 e-con-full e-flex wpr-particle-no wpr-jarallax-no wpr-parallax-no wpr-sticky-section-no wpr-column-slider-no wpr-equal-height-no e-con e-child\" data-id=\"624b8f7\" data-element_type=\"container\" data-e-type=\"container\">\n\t\t\t\t<div class=\"elementor-element elementor-element-522e290 elementor-align-center elementor-widget elementor-widget-button\" data-id=\"522e290\" data-element_type=\"widget\" data-e-type=\"widget\" data-widget_type=\"button.default\">\n\t\t\t\t\t\t\t\t\t\t<a class=\"elementor-button elementor-button-link elementor-size-sm\" href=\"https:\/\/pilarmoraga.cl\/wp-content\/uploads\/2026\/06\/Propuesta1_PilarMoraga.pdf\" target=\"_blank\">\n\t\t\t\t\t\t<span class=\"elementor-button-content-wrapper\">\n\t\t\t\t\t\t\t\t\t<span class=\"elementor-button-text\">Descargue las Propuestas para el Claustro Acad\u00e9mico<\/span>\n\t\t\t\t\t<\/span>\n\t\t\t\t\t<\/a>\n\t\t\t\t\t\t\t\t<\/div>\n\t\t\t\t<\/div>\n\t\t<div class=\"elementor-element elementor-element-1b36325 e-con-full e-flex wpr-particle-no wpr-jarallax-no wpr-parallax-no wpr-sticky-section-no wpr-column-slider-no wpr-equal-height-no e-con e-child\" data-id=\"1b36325\" data-element_type=\"container\" data-e-type=\"container\">\n\t\t\t\t<div class=\"elementor-element elementor-element-ed3a340 elementor-align-center elementor-widget elementor-widget-button\" data-id=\"ed3a340\" data-element_type=\"widget\" data-e-type=\"widget\" data-widget_type=\"button.default\">\n\t\t\t\t\t\t\t\t\t\t<a class=\"elementor-button elementor-button-link elementor-size-sm\" href=\"https:\/\/pilarmoraga.cl\/wp-content\/uploads\/2026\/06\/Propuesta2_PilarMoraga.pdf\" target=\"_blank\">\n\t\t\t\t\t\t<span class=\"elementor-button-content-wrapper\">\n\t\t\t\t\t\t\t\t\t<span class=\"elementor-button-text\">Descargue las Propuestas para el Pregrado<\/span>\n\t\t\t\t\t<\/span>\n\t\t\t\t\t<\/a>\n\t\t\t\t\t\t\t\t<\/div>\n\t\t\t\t<\/div>\n\t\t<div class=\"elementor-element elementor-element-7dfe90d e-con-full e-flex wpr-particle-no wpr-jarallax-no wpr-parallax-no wpr-sticky-section-no wpr-column-slider-no wpr-equal-height-no e-con e-child\" data-id=\"7dfe90d\" data-element_type=\"container\" data-e-type=\"container\">\n\t\t\t\t<div class=\"elementor-element elementor-element-5f0e8a3 elementor-align-center elementor-widget elementor-widget-button\" data-id=\"5f0e8a3\" data-element_type=\"widget\" data-e-type=\"widget\" data-widget_type=\"button.default\">\n\t\t\t\t\t\t\t\t\t\t<a class=\"elementor-button elementor-button-link elementor-size-sm\" href=\"https:\/\/pilarmoraga.cl\/wp-content\/uploads\/2026\/07\/Propuesta3_PilarMoraga.pdf\" target=\"_blank\">\n\t\t\t\t\t\t<span class=\"elementor-button-content-wrapper\">\n\t\t\t\t\t\t\t\t\t<span class=\"elementor-button-text\">Descargue las Propuestas para el Postgrado<\/span>\n\t\t\t\t\t<\/span>\n\t\t\t\t\t<\/a>\n\t\t\t\t\t\t\t\t<\/div>\n\t\t\t\t<\/div>\n\t\t<div class=\"elementor-element elementor-element-dc9f637 e-con-full e-flex wpr-particle-no wpr-jarallax-no wpr-parallax-no wpr-sticky-section-no wpr-column-slider-no wpr-equal-height-no e-con e-child\" data-id=\"dc9f637\" data-element_type=\"container\" data-e-type=\"container\">\n\t\t\t\t<div class=\"elementor-element elementor-element-90d7cd3 elementor-align-center elementor-widget elementor-widget-button\" data-id=\"90d7cd3\" data-element_type=\"widget\" data-e-type=\"widget\" data-widget_type=\"button.default\">\n\t\t\t\t\t\t\t\t\t\t<a class=\"elementor-button elementor-button-link elementor-size-sm\" href=\"https:\/\/pilarmoraga.cl\/wp-content\/uploads\/2026\/07\/Propuesta4_PilarMoraga.pdf\" target=\"_blank\">\n\t\t\t\t\t\t<span class=\"elementor-button-content-wrapper\">\n\t\t\t\t\t\t\t\t\t<span class=\"elementor-button-text\">Descargue las Propuestas para la Internacionalizaci\u00f3n<\/span>\n\t\t\t\t\t<\/span>\n\t\t\t\t\t<\/a>\n\t\t\t\t\t\t\t\t<\/div>\n\t\t\t\t<\/div>\n\t\t\t\t\t<\/div>\n\t\t\t\t<\/div>\n\t\t<div class=\"elementor-element elementor-element-6008807 e-flex e-con-boxed wpr-particle-no wpr-jarallax-no wpr-parallax-no wpr-sticky-section-no wpr-column-slider-no wpr-equal-height-no e-con e-parent\" data-id=\"6008807\" data-element_type=\"container\" data-e-type=\"container\">\n\t\t\t\t\t<div class=\"e-con-inner\">\n\t\t<div class=\"elementor-element elementor-element-bfc4d65 e-con-full e-flex wpr-particle-no wpr-jarallax-no wpr-parallax-no wpr-sticky-section-no wpr-column-slider-no wpr-equal-height-no e-con e-child\" data-id=\"bfc4d65\" data-element_type=\"container\" data-e-type=\"container\">\n\t\t\t\t<\/div>\n\t\t<div class=\"elementor-element elementor-element-ed33742 e-con-full e-flex wpr-particle-no wpr-jarallax-no wpr-parallax-no wpr-sticky-section-no wpr-column-slider-no wpr-equal-height-no e-con e-child\" data-id=\"ed33742\" data-element_type=\"container\" data-e-type=\"container\">\n\t\t\t\t<div class=\"elementor-element elementor-element-c2d566a elementor-align-center elementor-widget elementor-widget-button\" data-id=\"c2d566a\" data-element_type=\"widget\" data-e-type=\"widget\" data-widget_type=\"button.default\">\n\t\t\t\t\t\t\t\t\t\t<a class=\"elementor-button elementor-button-link elementor-size-sm\" href=\"https:\/\/pilarmoraga.cl\/wp-content\/uploads\/2026\/07\/Propuesta5_PilarMoraga.pdf\" target=\"_blank\">\n\t\t\t\t\t\t<span class=\"elementor-button-content-wrapper\">\n\t\t\t\t\t\t\t\t\t<span class=\"elementor-button-text\">Descargue las Propuestas para la Investigaci\u00f3n<\/span>\n\t\t\t\t\t<\/span>\n\t\t\t\t\t<\/a>\n\t\t\t\t\t\t\t\t<\/div>\n\t\t\t\t<\/div>\n\t\t<div class=\"elementor-element elementor-element-c10629b e-con-full e-flex wpr-particle-no wpr-jarallax-no wpr-parallax-no wpr-sticky-section-no wpr-column-slider-no wpr-equal-height-no e-con e-child\" data-id=\"c10629b\" data-element_type=\"container\" data-e-type=\"container\">\n\t\t\t\t<div class=\"elementor-element elementor-element-2c50257 elementor-align-center elementor-widget elementor-widget-button\" data-id=\"2c50257\" data-element_type=\"widget\" data-e-type=\"widget\" data-widget_type=\"button.default\">\n\t\t\t\t\t\t\t\t\t\t<a class=\"elementor-button elementor-button-link elementor-size-sm\" href=\"https:\/\/pilarmoraga.cl\/wp-content\/uploads\/2026\/07\/Propuesta6_PilarMoraga.pdf\" target=\"_blank\">\n\t\t\t\t\t\t<span class=\"elementor-button-content-wrapper\">\n\t\t\t\t\t\t\t\t\t<span class=\"elementor-button-text\">Descargue las Propuestas para la Gobernanza, sustentabilidad ambiental y financiera<\/span>\n\t\t\t\t\t<\/span>\n\t\t\t\t\t<\/a>\n\t\t\t\t\t\t\t\t<\/div>\n\t\t\t\t<\/div>\n\t\t<div class=\"elementor-element elementor-element-19aab9e e-con-full e-flex wpr-particle-no wpr-jarallax-no wpr-parallax-no wpr-sticky-section-no wpr-column-slider-no wpr-equal-height-no e-con e-child\" data-id=\"19aab9e\" data-element_type=\"container\" data-e-type=\"container\">\n\t\t\t\t<\/div>\n\t\t\t\t\t<\/div>\n\t\t\t\t<\/div>\n\t\t<div class=\"elementor-element elementor-element-f6938c3 e-flex e-con-boxed wpr-particle-no wpr-jarallax-no wpr-parallax-no wpr-sticky-section-no wpr-column-slider-no wpr-equal-height-no e-con e-parent\" data-id=\"f6938c3\" data-element_type=\"container\" data-e-type=\"container\">\n\t\t\t\t\t<div class=\"e-con-inner\">\n\t\t<div class=\"elementor-element elementor-element-0f4f9e1 e-con-full e-flex wpr-particle-no wpr-jarallax-no wpr-parallax-no wpr-sticky-section-no wpr-column-slider-no wpr-equal-height-no e-con e-child\" data-id=\"0f4f9e1\" data-element_type=\"container\" data-e-type=\"container\" data-settings=\"{&quot;background_background&quot;:&quot;classic&quot;}\">\n\t\t\t\t<div class=\"elementor-element elementor-element-68782d6 elementor-widget elementor-widget-image\" data-id=\"68782d6\" data-element_type=\"widget\" data-e-type=\"widget\" data-widget_type=\"image.default\">\n\t\t\t\t\t\t\t\t\t\t\t\t\t\t\t<img decoding=\"async\" width=\"200\" height=\"200\" src=\"https:\/\/pilarmoraga.cl\/wp-content\/uploads\/2026\/03\/cubo1.jpg\" class=\"attachment-large size-large wp-image-458\" alt=\"\" srcset=\"https:\/\/pilarmoraga.cl\/wp-content\/uploads\/2026\/03\/cubo1.jpg 200w, https:\/\/pilarmoraga.cl\/wp-content\/uploads\/2026\/03\/cubo1-150x150.jpg 150w\" sizes=\"(max-width: 200px) 100vw, 200px\" \/>\t\t\t\t\t\t\t\t\t\t\t\t\t\t\t<\/div>\n\t\t\t\t<\/div>\n\t\t<div class=\"elementor-element elementor-element-88ee216 e-con-full e-flex wpr-particle-no wpr-jarallax-no wpr-parallax-no wpr-sticky-section-no wpr-column-slider-no wpr-equal-height-no e-con e-child\" data-id=\"88ee216\" data-element_type=\"container\" data-e-type=\"container\" data-settings=\"{&quot;background_background&quot;:&quot;classic&quot;}\">\n\t\t\t\t<div class=\"elementor-element elementor-element-3d5f803 elementor-widget elementor-widget-text-editor\" data-id=\"3d5f803\" data-element_type=\"widget\" data-e-type=\"widget\" data-widget_type=\"text-editor.default\">\n\t\t\t\t\t\t\t\t\t<h4>Principios Rectores<\/h4><p>El programa se fundamenta en cinco principios orientadores que deben guiar el desarrollo institucional de la Facultad.<\/p><p>1. Excelencia y rigor acad\u00e9mico. <br \/>2. Democracia universitaria. <br \/>3. Cooperaci\u00f3n acad\u00e9mica. <br \/>4. Transparencia y confianza institucional. <br \/>5. Sustentabilidad financiera con equidad<\/p>\t\t\t\t\t\t\t\t<\/div>\n\t\t\t\t<div class=\"elementor-element elementor-element-7f5111a elementor-widget elementor-widget-n-accordion\" data-id=\"7f5111a\" data-element_type=\"widget\" data-e-type=\"widget\" data-settings=\"{&quot;default_state&quot;:&quot;all_collapsed&quot;,&quot;max_items_expended&quot;:&quot;one&quot;,&quot;n_accordion_animation_duration&quot;:{&quot;unit&quot;:&quot;ms&quot;,&quot;size&quot;:400,&quot;sizes&quot;:[]}}\" data-widget_type=\"nested-accordion.default\">\n\t\t\t\t\t\t\t<div class=\"e-n-accordion\" aria-label=\"Accordion. Open links with Enter or Space, close with Escape, and navigate with Arrow Keys\">\n\t\t\t\t\t\t<details id=\"e-n-accordion-item-1330\" class=\"e-n-accordion-item\" >\n\t\t\t\t<summary class=\"e-n-accordion-item-title\" data-accordion-index=\"1\" tabindex=\"0\" aria-expanded=\"false\" aria-controls=\"e-n-accordion-item-1330\" >\n\t\t\t\t\t<span class='e-n-accordion-item-title-header'><div class=\"e-n-accordion-item-title-text\"> Ver con detalle los Principios Rectores <\/div><\/span>\n\t\t\t\t\t\t\t<span class='e-n-accordion-item-title-icon'>\n\t\t\t<span class='e-opened' ><svg aria-hidden=\"true\" class=\"e-font-icon-svg e-fas-minus\" viewBox=\"0 0 448 512\" xmlns=\"http:\/\/www.w3.org\/2000\/svg\"><path d=\"M416 208H32c-17.67 0-32 14.33-32 32v32c0 17.67 14.33 32 32 32h384c17.67 0 32-14.33 32-32v-32c0-17.67-14.33-32-32-32z\"><\/path><\/svg><\/span>\n\t\t\t<span class='e-closed'><svg aria-hidden=\"true\" class=\"e-font-icon-svg e-fas-plus\" viewBox=\"0 0 448 512\" xmlns=\"http:\/\/www.w3.org\/2000\/svg\"><path d=\"M416 208H272V64c0-17.67-14.33-32-32-32h-32c-17.67 0-32 14.33-32 32v144H32c-17.67 0-32 14.33-32 32v32c0 17.67 14.33 32 32 32h144v144c0 17.67 14.33 32 32 32h32c17.67 0 32-14.33 32-32V304h144c17.67 0 32-14.33 32-32v-32c0-17.67-14.33-32-32-32z\"><\/path><\/svg><\/span>\n\t\t<\/span>\n\n\t\t\t\t\t\t<\/summary>\n\t\t\t\t<div role=\"region\" aria-labelledby=\"e-n-accordion-item-1330\" class=\"elementor-element elementor-element-a039f9d e-con-full e-flex wpr-particle-no wpr-jarallax-no wpr-parallax-no wpr-sticky-section-no wpr-column-slider-no wpr-equal-height-no e-con e-child\" data-id=\"a039f9d\" data-element_type=\"container\" data-e-type=\"container\">\n\t\t\t\t<div class=\"elementor-element elementor-element-3a635d4 elementor-widget elementor-widget-text-editor\" data-id=\"3a635d4\" data-element_type=\"widget\" data-e-type=\"widget\" data-widget_type=\"text-editor.default\">\n\t\t\t\t\t\t\t\t\t<ol><li><strong> Excelencia y rigor acad\u00e9mico. <\/strong>La excelencia acad\u00e9mica debe comprenderse como un est\u00e1ndar integral que atraviesa todas las funciones universitarias: docencia, investigaci\u00f3n y vinculaci\u00f3n con el medio y que define la forma en que cada miembro de la comunidad universitaria cumple sus tareas respectivas. La b\u00fasqueda de excelencia no debe reducirse a m\u00e9tricas cuantitativas, sino orientarse a fortalecer el impacto acad\u00e9mico e institucional de la Facultad y a la forma en que cada miembro de su comunidad ejerce su rol.<\/li><li><strong> Democracia universitaria. <\/strong>La gobernanza acad\u00e9mica debe basarse en procesos deliberativos transparentes y participativos. La democracia universitaria constituye una fuente de legitimidad institucional.<\/li><li><strong> Cooperaci\u00f3n acad\u00e9mica. <\/strong>La cooperaci\u00f3n entre departamentos, centros y programas resulta fundamental para enfrentar desaf\u00edos complejos y desarrollar proyectos colectivos de docencia e investigaci\u00f3n. Fomentar agendas acad\u00e9micas compartidas permite fortalecer la calidad del trabajo acad\u00e9mico y consolidar la identidad institucional.<\/li><li><strong> Transparencia y confianza institucional. <\/strong>La transparencia en la asignaci\u00f3n de recursos, en los procesos de contrataci\u00f3n y en los mecanismos de evaluaci\u00f3n acad\u00e9mica constituye un elemento esencial para fortalecer la confianza interna y la legitimidad externa de la Facultad.<\/li><li><strong> Sustentabilidad financiera con equidad. <\/strong>La estabilidad econ\u00f3mica debe estar al servicio del proyecto acad\u00e9mico com\u00fan, evitando que los mecanismos de financiamiento generen desigualdades estructurales o incentivos de competencia entre unidades acad\u00e9micas. La sustentabilidad financiera debe contribuir al desarrollo equilibrado de la instituci\u00f3n.<\/li><\/ol>\t\t\t\t\t\t\t\t<\/div>\n\t\t\t\t<\/div>\n\t\t\t\t\t<\/details>\n\t\t\t\t\t<\/div>\n\t\t\t\t\t\t<\/div>\n\t\t\t\t<\/div>\n\t\t<div class=\"elementor-element elementor-element-6de5e55 e-con-full e-flex wpr-particle-no wpr-jarallax-no wpr-parallax-no wpr-sticky-section-no wpr-column-slider-no wpr-equal-height-no e-con e-child\" data-id=\"6de5e55\" data-element_type=\"container\" data-e-type=\"container\" data-settings=\"{&quot;background_background&quot;:&quot;classic&quot;}\">\n\t\t\t\t<div class=\"elementor-element elementor-element-1ba1e2a elementor-widget elementor-widget-image\" data-id=\"1ba1e2a\" data-element_type=\"widget\" data-e-type=\"widget\" data-widget_type=\"image.default\">\n\t\t\t\t\t\t\t\t\t\t\t\t\t\t\t<img loading=\"lazy\" decoding=\"async\" width=\"200\" height=\"200\" src=\"https:\/\/pilarmoraga.cl\/wp-content\/uploads\/2026\/03\/cubo2.jpg\" class=\"attachment-large size-large wp-image-460\" alt=\"\" srcset=\"https:\/\/pilarmoraga.cl\/wp-content\/uploads\/2026\/03\/cubo2.jpg 200w, https:\/\/pilarmoraga.cl\/wp-content\/uploads\/2026\/03\/cubo2-150x150.jpg 150w\" sizes=\"(max-width: 200px) 100vw, 200px\" \/>\t\t\t\t\t\t\t\t\t\t\t\t\t\t\t<\/div>\n\t\t\t\t<\/div>\n\t\t<div class=\"elementor-element elementor-element-8732bd0 e-con-full e-flex wpr-particle-no wpr-jarallax-no wpr-parallax-no wpr-sticky-section-no wpr-column-slider-no wpr-equal-height-no e-con e-child\" data-id=\"8732bd0\" data-element_type=\"container\" data-e-type=\"container\" data-settings=\"{&quot;background_background&quot;:&quot;classic&quot;}\">\n\t\t\t\t<div class=\"elementor-element elementor-element-5608321 elementor-widget elementor-widget-text-editor\" data-id=\"5608321\" data-element_type=\"widget\" data-e-type=\"widget\" data-widget_type=\"text-editor.default\">\n\t\t\t\t\t\t\t\t\t<h4>Ejes estrat\u00e9gicos<\/h4><p><strong>1. Formaci\u00f3n jur\u00eddica.<\/strong> Tradici\u00f3n jur\u00eddica s\u00f3lida y formaci\u00f3n para los desaf\u00edos contempor\u00e1neos con est\u00e1ndares de calidad asegurados.<\/p>\t\t\t\t\t\t\t\t<\/div>\n\t\t\t\t<div class=\"elementor-element elementor-element-66cc919 elementor-widget elementor-widget-n-accordion\" data-id=\"66cc919\" data-element_type=\"widget\" data-e-type=\"widget\" data-settings=\"{&quot;default_state&quot;:&quot;all_collapsed&quot;,&quot;max_items_expended&quot;:&quot;one&quot;,&quot;n_accordion_animation_duration&quot;:{&quot;unit&quot;:&quot;ms&quot;,&quot;size&quot;:400,&quot;sizes&quot;:[]}}\" data-widget_type=\"nested-accordion.default\">\n\t\t\t\t\t\t\t<div class=\"e-n-accordion\" aria-label=\"Accordion. Open links with Enter or Space, close with Escape, and navigate with Arrow Keys\">\n\t\t\t\t\t\t<details id=\"e-n-accordion-item-1070\" class=\"e-n-accordion-item\" >\n\t\t\t\t<summary class=\"e-n-accordion-item-title\" data-accordion-index=\"1\" tabindex=\"0\" aria-expanded=\"false\" aria-controls=\"e-n-accordion-item-1070\" >\n\t\t\t\t\t<span class='e-n-accordion-item-title-header'><div class=\"e-n-accordion-item-title-text\"> Ver m\u00e1s... <\/div><\/span>\n\t\t\t\t\t\t\t<span class='e-n-accordion-item-title-icon'>\n\t\t\t<span class='e-opened' ><svg aria-hidden=\"true\" class=\"e-font-icon-svg e-fas-minus\" viewBox=\"0 0 448 512\" xmlns=\"http:\/\/www.w3.org\/2000\/svg\"><path d=\"M416 208H32c-17.67 0-32 14.33-32 32v32c0 17.67 14.33 32 32 32h384c17.67 0 32-14.33 32-32v-32c0-17.67-14.33-32-32-32z\"><\/path><\/svg><\/span>\n\t\t\t<span class='e-closed'><svg aria-hidden=\"true\" class=\"e-font-icon-svg e-fas-plus\" viewBox=\"0 0 448 512\" xmlns=\"http:\/\/www.w3.org\/2000\/svg\"><path d=\"M416 208H272V64c0-17.67-14.33-32-32-32h-32c-17.67 0-32 14.33-32 32v144H32c-17.67 0-32 14.33-32 32v32c0 17.67 14.33 32 32 32h144v144c0 17.67 14.33 32 32 32h32c17.67 0 32-14.33 32-32V304h144c17.67 0 32-14.33 32-32v-32c0-17.67-14.33-32-32-32z\"><\/path><\/svg><\/span>\n\t\t<\/span>\n\n\t\t\t\t\t\t<\/summary>\n\t\t\t\t<div role=\"region\" aria-labelledby=\"e-n-accordion-item-1070\" class=\"elementor-element elementor-element-478c291 e-con-full e-flex wpr-particle-no wpr-jarallax-no wpr-parallax-no wpr-sticky-section-no wpr-column-slider-no wpr-equal-height-no e-con e-child\" data-id=\"478c291\" data-element_type=\"container\" data-e-type=\"container\">\n\t\t\t\t<div class=\"elementor-element elementor-element-3f352a4 elementor-widget elementor-widget-text-editor\" data-id=\"3f352a4\" data-element_type=\"widget\" data-e-type=\"widget\" data-widget_type=\"text-editor.default\">\n\t\t\t\t\t\t\t\t\t<p>La formaci\u00f3n jur\u00eddica constituye una funci\u00f3n esencial de la Facultad. Su fortalecimiento requiere preservar la solidez disciplinar de la tradici\u00f3n jur\u00eddica, al tiempo que se incorporan nuevas competencias necesarias para el ejercicio profesional en contextos complejos y globalizados. Entre estas competencias destacan la capacidad de argumentaci\u00f3n, deliberaci\u00f3n y negociaci\u00f3n; la comprensi\u00f3n del impacto social y econ\u00f3mico de las decisiones jur\u00eddicas; el correcto uso de la inteligencia artificial y la integraci\u00f3n de la \u00e9tica en el ejercicio profesional. El objetivo es formar juristas capaces de comprender el rol del derecho en la organizaci\u00f3n de la vida social y en la resoluci\u00f3n de problemas p\u00fablicos. Todas estas competencias deben desarrollarse de manera coherente a lo largo de la trayectoria formativa.<\/p><p>Para ello se propone avanzar hacia una mayor coherencia entre las distintas etapas de la formaci\u00f3n jur\u00eddica, articulando de manera efectiva el pregrado y el postgrado, asegurando un est\u00e1ndar acad\u00e9mico de excelencia. Asimismo, la vinculaci\u00f3n temprana de los estudiantes con proyectos de investigaci\u00f3n y actividades de vinculaci\u00f3n con el medio constituyen elementos fundamentales para una formaci\u00f3n jur\u00eddica integral que fortalece la identidad institucional de la Facultad.<\/p><p>Por su parte, los programas de postgrado (mag\u00edster y doctorado) cumplen un papel estrat\u00e9gico en el desarrollo acad\u00e9mico de la Facultad, al contribuir a la formaci\u00f3n avanzada de juristas y al fortalecimiento de la investigaci\u00f3n jur\u00eddica. El crecimiento de la oferta de programas de mag\u00edster plantea la necesidad de mejorar la coordinaci\u00f3n entre programas, su articulaci\u00f3n con las l\u00edneas de investigaci\u00f3n de la Facultad y fortalecer su posicionamiento nacional e internacional, con estrategias institucionales de difusi\u00f3n que permitan ampliar su capacidad de convocatoria.<\/p><p>A diferencia de los programas antes mencionados que se someten a procesos de acreditaci\u00f3n, la gran variedad de diplomados y cursos de actualizaci\u00f3n jur\u00eddica, importante fuente de financiamiento de las unidades acad\u00e9micas, est\u00e1n exentos de un control del aseguramiento de la calidad, lo cual exige el desarrollo de est\u00e1ndares que se impongan en la etapa de dise\u00f1o y ejecuci\u00f3n de la oferta realizada por la facultad en este \u00e1mbito.<\/p><p>El desaf\u00edo consiste, entonces, en consolidar el modelo formativo de la Facultad combinando tradici\u00f3n y renovaci\u00f3n. Se trata de promover experiencias acad\u00e9micas y profesionales que fortalezcan la autonom\u00eda intelectual, la responsabilidad p\u00fablica y la conciencia cr\u00edtica de las y los estudiantes, respecto del rol que el Derecho desempe\u00f1a en la construcci\u00f3n de la convivencia social, la protecci\u00f3n de los derechos de las personas y la orientaci\u00f3n del desarrollo del pa\u00eds, en un marco de excelencia y liderazgo.<\/p>\t\t\t\t\t\t\t\t<\/div>\n\t\t\t\t<\/div>\n\t\t\t\t\t<\/details>\n\t\t\t\t\t<\/div>\n\t\t\t\t\t\t<\/div>\n\t\t\t\t<div class=\"elementor-element elementor-element-9c57d68 elementor-widget elementor-widget-text-editor\" data-id=\"9c57d68\" data-element_type=\"widget\" data-e-type=\"widget\" data-widget_type=\"text-editor.default\">\n\t\t\t\t\t\t\t\t\t<p><strong>2. Fortalecimiento del postgrado. <\/strong>Los programas de postgrado cumplen un papel estrat\u00e9gico en el desarrollo acad\u00e9mico de la Facultad, al contribuir a la formaci\u00f3n avanzada de juristas y al fortalecimiento de la investigaci\u00f3n jur\u00eddica.<\/p>\t\t\t\t\t\t\t\t<\/div>\n\t\t\t\t<div class=\"elementor-element elementor-element-9ece50b elementor-widget elementor-widget-n-accordion\" data-id=\"9ece50b\" data-element_type=\"widget\" data-e-type=\"widget\" data-settings=\"{&quot;default_state&quot;:&quot;all_collapsed&quot;,&quot;max_items_expended&quot;:&quot;one&quot;,&quot;n_accordion_animation_duration&quot;:{&quot;unit&quot;:&quot;ms&quot;,&quot;size&quot;:400,&quot;sizes&quot;:[]}}\" data-widget_type=\"nested-accordion.default\">\n\t\t\t\t\t\t\t<div class=\"e-n-accordion\" aria-label=\"Accordion. Open links with Enter or Space, close with Escape, and navigate with Arrow Keys\">\n\t\t\t\t\t\t<details id=\"e-n-accordion-item-1660\" class=\"e-n-accordion-item\" >\n\t\t\t\t<summary class=\"e-n-accordion-item-title\" data-accordion-index=\"1\" tabindex=\"0\" aria-expanded=\"false\" aria-controls=\"e-n-accordion-item-1660\" >\n\t\t\t\t\t<span class='e-n-accordion-item-title-header'><div class=\"e-n-accordion-item-title-text\"> Ver m\u00e1s... <\/div><\/span>\n\t\t\t\t\t\t\t<span class='e-n-accordion-item-title-icon'>\n\t\t\t<span class='e-opened' ><svg aria-hidden=\"true\" class=\"e-font-icon-svg e-fas-minus\" viewBox=\"0 0 448 512\" xmlns=\"http:\/\/www.w3.org\/2000\/svg\"><path d=\"M416 208H32c-17.67 0-32 14.33-32 32v32c0 17.67 14.33 32 32 32h384c17.67 0 32-14.33 32-32v-32c0-17.67-14.33-32-32-32z\"><\/path><\/svg><\/span>\n\t\t\t<span class='e-closed'><svg aria-hidden=\"true\" class=\"e-font-icon-svg e-fas-plus\" viewBox=\"0 0 448 512\" xmlns=\"http:\/\/www.w3.org\/2000\/svg\"><path d=\"M416 208H272V64c0-17.67-14.33-32-32-32h-32c-17.67 0-32 14.33-32 32v144H32c-17.67 0-32 14.33-32 32v32c0 17.67 14.33 32 32 32h144v144c0 17.67 14.33 32 32 32h32c17.67 0 32-14.33 32-32V304h144c17.67 0 32-14.33 32-32v-32c0-17.67-14.33-32-32-32z\"><\/path><\/svg><\/span>\n\t\t<\/span>\n\n\t\t\t\t\t\t<\/summary>\n\t\t\t\t<div role=\"region\" aria-labelledby=\"e-n-accordion-item-1660\" class=\"elementor-element elementor-element-925737a e-con-full e-flex wpr-particle-no wpr-jarallax-no wpr-parallax-no wpr-sticky-section-no wpr-column-slider-no wpr-equal-height-no e-con e-child\" data-id=\"925737a\" data-element_type=\"container\" data-e-type=\"container\">\n\t\t\t\t<div class=\"elementor-element elementor-element-71ff0d0 elementor-widget elementor-widget-text-editor\" data-id=\"71ff0d0\" data-element_type=\"widget\" data-e-type=\"widget\" data-widget_type=\"text-editor.default\">\n\t\t\t\t\t\t\t\t\t<p>El crecimiento reciente de la oferta de postgrados plantea la necesidad de consolidar una institucionalidad acad\u00e9mica capaz de garantizar est\u00e1ndares de calidad homog\u00e9neos, mejorar la coordinaci\u00f3n entre programas y fortalecer su posicionamiento nacional e internacional.<\/p><p>En este sentido, se propone fortalecer los mecanismos de evaluaci\u00f3n acad\u00e9mica de los programas, promover su articulaci\u00f3n con las l\u00edneas de investigaci\u00f3n de la Facultad y desarrollar estrategias institucionales de difusi\u00f3n que permitan ampliar su capacidad de convocatoria.<\/p>\t\t\t\t\t\t\t\t<\/div>\n\t\t\t\t<\/div>\n\t\t\t\t\t<\/details>\n\t\t\t\t\t<\/div>\n\t\t\t\t\t\t<\/div>\n\t\t\t\t<div class=\"elementor-element elementor-element-db490ea elementor-widget elementor-widget-text-editor\" data-id=\"db490ea\" data-element_type=\"widget\" data-e-type=\"widget\" data-widget_type=\"text-editor.default\">\n\t\t\t\t\t\t\t\t\t<p><strong>3. Investigaci\u00f3n y proyecci\u00f3n internacional.<\/strong> Investigaci\u00f3n jur\u00eddica como motor del liderazgo acad\u00e9mico.<\/p>\t\t\t\t\t\t\t\t<\/div>\n\t\t\t\t<div class=\"elementor-element elementor-element-6725355 elementor-widget elementor-widget-n-accordion\" data-id=\"6725355\" data-element_type=\"widget\" data-e-type=\"widget\" data-settings=\"{&quot;default_state&quot;:&quot;all_collapsed&quot;,&quot;max_items_expended&quot;:&quot;one&quot;,&quot;n_accordion_animation_duration&quot;:{&quot;unit&quot;:&quot;ms&quot;,&quot;size&quot;:400,&quot;sizes&quot;:[]}}\" data-widget_type=\"nested-accordion.default\">\n\t\t\t\t\t\t\t<div class=\"e-n-accordion\" aria-label=\"Accordion. Open links with Enter or Space, close with Escape, and navigate with Arrow Keys\">\n\t\t\t\t\t\t<details id=\"e-n-accordion-item-1080\" class=\"e-n-accordion-item\" >\n\t\t\t\t<summary class=\"e-n-accordion-item-title\" data-accordion-index=\"1\" tabindex=\"0\" aria-expanded=\"false\" aria-controls=\"e-n-accordion-item-1080\" >\n\t\t\t\t\t<span class='e-n-accordion-item-title-header'><div class=\"e-n-accordion-item-title-text\"> Ver m\u00e1s... <\/div><\/span>\n\t\t\t\t\t\t\t<span class='e-n-accordion-item-title-icon'>\n\t\t\t<span class='e-opened' ><svg aria-hidden=\"true\" class=\"e-font-icon-svg e-fas-minus\" viewBox=\"0 0 448 512\" xmlns=\"http:\/\/www.w3.org\/2000\/svg\"><path d=\"M416 208H32c-17.67 0-32 14.33-32 32v32c0 17.67 14.33 32 32 32h384c17.67 0 32-14.33 32-32v-32c0-17.67-14.33-32-32-32z\"><\/path><\/svg><\/span>\n\t\t\t<span class='e-closed'><svg aria-hidden=\"true\" class=\"e-font-icon-svg e-fas-plus\" viewBox=\"0 0 448 512\" xmlns=\"http:\/\/www.w3.org\/2000\/svg\"><path d=\"M416 208H272V64c0-17.67-14.33-32-32-32h-32c-17.67 0-32 14.33-32 32v144H32c-17.67 0-32 14.33-32 32v32c0 17.67 14.33 32 32 32h144v144c0 17.67 14.33 32 32 32h32c17.67 0 32-14.33 32-32V304h144c17.67 0 32-14.33 32-32v-32c0-17.67-14.33-32-32-32z\"><\/path><\/svg><\/span>\n\t\t<\/span>\n\n\t\t\t\t\t\t<\/summary>\n\t\t\t\t<div role=\"region\" aria-labelledby=\"e-n-accordion-item-1080\" class=\"elementor-element elementor-element-8d725a3 e-con-full e-flex wpr-particle-no wpr-jarallax-no wpr-parallax-no wpr-sticky-section-no wpr-column-slider-no wpr-equal-height-no e-con e-child\" data-id=\"8d725a3\" data-element_type=\"container\" data-e-type=\"container\">\n\t\t\t\t<div class=\"elementor-element elementor-element-42502dd elementor-widget elementor-widget-text-editor\" data-id=\"42502dd\" data-element_type=\"widget\" data-e-type=\"widget\" data-widget_type=\"text-editor.default\">\n\t\t\t\t\t\t\t\t\t<p>La investigaci\u00f3n constituye uno de los principales vectores del liderazgo acad\u00e9mico de la Facultad. El actual desarrollo de la investigaci\u00f3n de la Facultad se expresa en la obtenci\u00f3n de proyectos concursables, la publicaci\u00f3n de art\u00edculos cient\u00edficos y libros, liderados por sus acad\u00e9micos y acad\u00e9micas, as\u00ed como en la existencia de revistas jur\u00eddicas de prestigio internacional. Los esfuerzos realizados hasta ahora ofrecen una oportunidad relevante para posicionar a la Facultad en el desarrollo de las ciencias jur\u00eddicas, a nivel nacional y regional.<\/p><p>Lo anterior exige mayor apoyo institucional en la elaboraci\u00f3n y gesti\u00f3n de proyectos asociativos e internacionales, fomento al desarrollo de iniciativas conjuntas entre diversas unidades acad\u00e9micas y formaci\u00f3n de nuevos investigadores, de manera a ofrecer respuestas jur\u00eddicas a los desaf\u00edos del entorno pol\u00edtico, social e institucional.<\/p>\t\t\t\t\t\t\t\t<\/div>\n\t\t\t\t<\/div>\n\t\t\t\t\t<\/details>\n\t\t\t\t\t<\/div>\n\t\t\t\t\t\t<\/div>\n\t\t\t\t<div class=\"elementor-element elementor-element-ddd864a elementor-widget elementor-widget-text-editor\" data-id=\"ddd864a\" data-element_type=\"widget\" data-e-type=\"widget\" data-widget_type=\"text-editor.default\">\n\t\t\t\t\t\t\t\t\t<p><strong>4. Claustro acad\u00e9mico y condiciones institucionales.<\/strong> Reconocimiento, promoci\u00f3n y reglas m\u00e1s claras.<\/p>\t\t\t\t\t\t\t\t<\/div>\n\t\t\t\t<div class=\"elementor-element elementor-element-dd469ac elementor-widget elementor-widget-n-accordion\" data-id=\"dd469ac\" data-element_type=\"widget\" data-e-type=\"widget\" data-settings=\"{&quot;default_state&quot;:&quot;all_collapsed&quot;,&quot;max_items_expended&quot;:&quot;one&quot;,&quot;n_accordion_animation_duration&quot;:{&quot;unit&quot;:&quot;ms&quot;,&quot;size&quot;:400,&quot;sizes&quot;:[]}}\" data-widget_type=\"nested-accordion.default\">\n\t\t\t\t\t\t\t<div class=\"e-n-accordion\" aria-label=\"Accordion. Open links with Enter or Space, close with Escape, and navigate with Arrow Keys\">\n\t\t\t\t\t\t<details id=\"e-n-accordion-item-2320\" class=\"e-n-accordion-item\" >\n\t\t\t\t<summary class=\"e-n-accordion-item-title\" data-accordion-index=\"1\" tabindex=\"0\" aria-expanded=\"false\" aria-controls=\"e-n-accordion-item-2320\" >\n\t\t\t\t\t<span class='e-n-accordion-item-title-header'><div class=\"e-n-accordion-item-title-text\"> Ver m\u00e1s... <\/div><\/span>\n\t\t\t\t\t\t\t<span class='e-n-accordion-item-title-icon'>\n\t\t\t<span class='e-opened' ><svg aria-hidden=\"true\" class=\"e-font-icon-svg e-fas-minus\" viewBox=\"0 0 448 512\" xmlns=\"http:\/\/www.w3.org\/2000\/svg\"><path d=\"M416 208H32c-17.67 0-32 14.33-32 32v32c0 17.67 14.33 32 32 32h384c17.67 0 32-14.33 32-32v-32c0-17.67-14.33-32-32-32z\"><\/path><\/svg><\/span>\n\t\t\t<span class='e-closed'><svg aria-hidden=\"true\" class=\"e-font-icon-svg e-fas-plus\" viewBox=\"0 0 448 512\" xmlns=\"http:\/\/www.w3.org\/2000\/svg\"><path d=\"M416 208H272V64c0-17.67-14.33-32-32-32h-32c-17.67 0-32 14.33-32 32v144H32c-17.67 0-32 14.33-32 32v32c0 17.67 14.33 32 32 32h144v144c0 17.67 14.33 32 32 32h32c17.67 0 32-14.33 32-32V304h144c17.67 0 32-14.33 32-32v-32c0-17.67-14.33-32-32-32z\"><\/path><\/svg><\/span>\n\t\t<\/span>\n\n\t\t\t\t\t\t<\/summary>\n\t\t\t\t<div role=\"region\" aria-labelledby=\"e-n-accordion-item-2320\" class=\"elementor-element elementor-element-df1200f e-con-full e-flex wpr-particle-no wpr-jarallax-no wpr-parallax-no wpr-sticky-section-no wpr-column-slider-no wpr-equal-height-no e-con e-child\" data-id=\"df1200f\" data-element_type=\"container\" data-e-type=\"container\">\n\t\t\t\t<div class=\"elementor-element elementor-element-b252599 elementor-widget elementor-widget-text-editor\" data-id=\"b252599\" data-element_type=\"widget\" data-e-type=\"widget\" data-widget_type=\"text-editor.default\">\n\t\t\t\t\t\t\t\t\t<p>El claustro de la Facultad constituye un referente en las \u00e1reas cl\u00e1sicas del derecho, as\u00ed como en \u00e1mbitos emergentes del conocimiento jur\u00eddico. A su vez, el v\u00ednculo con el mundo profesional representa una dimensi\u00f3n estrat\u00e9gica del liderazgo institucional de la Facultad que permite integrar perspectivas te\u00f3ricas y pr\u00e1cticas en la ense\u00f1anza del derecho.<\/p><p>Tal diversidad hace necesaria una revisi\u00f3n sistem\u00e1tica y continua, de las pol\u00edticas relativas a carga acad\u00e9mica, infraestructura y contrataci\u00f3n, con el fin de asegurar que ellas sean compatibles con la equidad interna, la cooperaci\u00f3n institucional y la sostenibilidad financiera de largo plazo del proyecto acad\u00e9mico que nuestra comunidad defina en el pr\u00f3ximo Plan de Desarrollo Institucional (PDI) 2027-2031. Tambi\u00e9n es necesario establecer de manera aut\u00f3noma las reglas de cumplimiento de jornada contratada, en coherencia con las particularidades de la actividad acad\u00e9mica y\u00a0 promover mecanismos de mentor\u00eda e integraci\u00f3n destinados a apoyar el desarrollo de las nuevas generaciones de acad\u00e9micas y acad\u00e9micos, fortaleciendo su participaci\u00f3n en proyectos colectivos de docencia e investigaci\u00f3n.<\/p>\t\t\t\t\t\t\t\t<\/div>\n\t\t\t\t<\/div>\n\t\t\t\t\t<\/details>\n\t\t\t\t\t<\/div>\n\t\t\t\t\t\t<\/div>\n\t\t\t\t<div class=\"elementor-element elementor-element-5103701 elementor-widget elementor-widget-text-editor\" data-id=\"5103701\" data-element_type=\"widget\" data-e-type=\"widget\" data-widget_type=\"text-editor.default\">\n\t\t\t\t\t\t\t\t\t<p><strong>5. Gobernanza y sustentabilidad financiera.<\/strong> Desarrollo estrat\u00e9gico, Transparencia, rendici\u00f3n de cuentas y responsabilidad de largo plazo.<\/p>\t\t\t\t\t\t\t\t<\/div>\n\t\t\t\t<div class=\"elementor-element elementor-element-ca9e861 elementor-widget elementor-widget-n-accordion\" data-id=\"ca9e861\" data-element_type=\"widget\" data-e-type=\"widget\" data-settings=\"{&quot;default_state&quot;:&quot;all_collapsed&quot;,&quot;max_items_expended&quot;:&quot;one&quot;,&quot;n_accordion_animation_duration&quot;:{&quot;unit&quot;:&quot;ms&quot;,&quot;size&quot;:400,&quot;sizes&quot;:[]}}\" data-widget_type=\"nested-accordion.default\">\n\t\t\t\t\t\t\t<div class=\"e-n-accordion\" aria-label=\"Accordion. Open links with Enter or Space, close with Escape, and navigate with Arrow Keys\">\n\t\t\t\t\t\t<details id=\"e-n-accordion-item-2120\" class=\"e-n-accordion-item\" >\n\t\t\t\t<summary class=\"e-n-accordion-item-title\" data-accordion-index=\"1\" tabindex=\"0\" aria-expanded=\"false\" aria-controls=\"e-n-accordion-item-2120\" >\n\t\t\t\t\t<span class='e-n-accordion-item-title-header'><div class=\"e-n-accordion-item-title-text\"> Ver m\u00e1s... <\/div><\/span>\n\t\t\t\t\t\t\t<span class='e-n-accordion-item-title-icon'>\n\t\t\t<span class='e-opened' ><svg aria-hidden=\"true\" class=\"e-font-icon-svg e-fas-minus\" viewBox=\"0 0 448 512\" xmlns=\"http:\/\/www.w3.org\/2000\/svg\"><path d=\"M416 208H32c-17.67 0-32 14.33-32 32v32c0 17.67 14.33 32 32 32h384c17.67 0 32-14.33 32-32v-32c0-17.67-14.33-32-32-32z\"><\/path><\/svg><\/span>\n\t\t\t<span class='e-closed'><svg aria-hidden=\"true\" class=\"e-font-icon-svg e-fas-plus\" viewBox=\"0 0 448 512\" xmlns=\"http:\/\/www.w3.org\/2000\/svg\"><path d=\"M416 208H272V64c0-17.67-14.33-32-32-32h-32c-17.67 0-32 14.33-32 32v144H32c-17.67 0-32 14.33-32 32v32c0 17.67 14.33 32 32 32h144v144c0 17.67 14.33 32 32 32h32c17.67 0 32-14.33 32-32V304h144c17.67 0 32-14.33 32-32v-32c0-17.67-14.33-32-32-32z\"><\/path><\/svg><\/span>\n\t\t<\/span>\n\n\t\t\t\t\t\t<\/summary>\n\t\t\t\t<div role=\"region\" aria-labelledby=\"e-n-accordion-item-2120\" class=\"elementor-element elementor-element-14aa5a0 e-con-full e-flex wpr-particle-no wpr-jarallax-no wpr-parallax-no wpr-sticky-section-no wpr-column-slider-no wpr-equal-height-no e-con e-child\" data-id=\"14aa5a0\" data-element_type=\"container\" data-e-type=\"container\">\n\t\t\t\t<div class=\"elementor-element elementor-element-06c6997 elementor-widget elementor-widget-text-editor\" data-id=\"06c6997\" data-element_type=\"widget\" data-e-type=\"widget\" data-widget_type=\"text-editor.default\">\n\t\t\t\t\t\t\t\t\t<p>La conducci\u00f3n institucional de la Facultad requiere articular adecuadamente la gobernanza acad\u00e9mica con una gesti\u00f3n financiera responsable y transparente. La gobernanza universitaria implica no solo la administraci\u00f3n de recursos, sino tambi\u00e9n la capacidad de orientar estrat\u00e9gicamente el desarrollo institucional, fortalecer los procesos de deliberaci\u00f3n colectiva y asegurar condiciones adecuadas para el desarrollo de la docencia, la investigaci\u00f3n y la vinculaci\u00f3n con el medio. En este contexto, la sustentabilidad financiera debe concebirse como un instrumento al servicio del proyecto acad\u00e9mico de la Facultad. Los modelos de financiamiento influyen directamente en las relaciones entre unidades acad\u00e9micas, en las trayectorias profesionales del cuerpo acad\u00e9mico y en la capacidad de la instituci\u00f3n para sostener un proyecto colectivo basado en la cooperaci\u00f3n y la equidad.<\/p><p>La presente candidatura propone avanzar hacia una gesti\u00f3n basada en la planificaci\u00f3n estrat\u00e9gica, la transparencia presupuestaria, la coordinaci\u00f3n entre unidades acad\u00e9micas y la rendici\u00f3n de cuentas peri\u00f3dica ante la comunidad universitaria.<\/p>\t\t\t\t\t\t\t\t<\/div>\n\t\t\t\t<\/div>\n\t\t\t\t\t<\/details>\n\t\t\t\t\t<\/div>\n\t\t\t\t\t\t<\/div>\n\t\t\t\t<\/div>\n\t\t\t\t\t<\/div>\n\t\t\t\t<\/div>\n\t\t<div class=\"elementor-element elementor-element-77fc13c e-flex e-con-boxed wpr-particle-no wpr-jarallax-no wpr-parallax-no wpr-sticky-section-no wpr-column-slider-no wpr-equal-height-no e-con e-parent\" data-id=\"77fc13c\" data-element_type=\"container\" data-e-type=\"container\">\n\t\t\t\t\t<div class=\"e-con-inner\">\n\t\t<div class=\"elementor-element elementor-element-1586e62 e-con-full e-flex wpr-particle-no wpr-jarallax-no wpr-parallax-no wpr-sticky-section-no wpr-column-slider-no wpr-equal-height-no e-con e-child\" data-id=\"1586e62\" data-element_type=\"container\" data-e-type=\"container\" data-settings=\"{&quot;background_background&quot;:&quot;classic&quot;}\">\n\t\t\t\t<div class=\"elementor-element elementor-element-4189fa6 elementor-widget elementor-widget-image\" data-id=\"4189fa6\" data-element_type=\"widget\" data-e-type=\"widget\" data-widget_type=\"image.default\">\n\t\t\t\t\t\t\t\t\t\t\t\t\t\t\t<img loading=\"lazy\" decoding=\"async\" width=\"200\" height=\"200\" src=\"https:\/\/pilarmoraga.cl\/wp-content\/uploads\/2026\/03\/cubo3.jpg\" class=\"attachment-large size-large wp-image-461\" alt=\"\" srcset=\"https:\/\/pilarmoraga.cl\/wp-content\/uploads\/2026\/03\/cubo3.jpg 200w, https:\/\/pilarmoraga.cl\/wp-content\/uploads\/2026\/03\/cubo3-150x150.jpg 150w\" sizes=\"(max-width: 200px) 100vw, 200px\" \/>\t\t\t\t\t\t\t\t\t\t\t\t\t\t\t<\/div>\n\t\t\t\t<\/div>\n\t\t<div class=\"elementor-element elementor-element-b2e856e e-con-full e-flex wpr-particle-no wpr-jarallax-no wpr-parallax-no wpr-sticky-section-no wpr-column-slider-no wpr-equal-height-no e-con e-child\" data-id=\"b2e856e\" data-element_type=\"container\" data-e-type=\"container\" data-settings=\"{&quot;background_background&quot;:&quot;classic&quot;}\">\n\t\t\t\t<div class=\"elementor-element elementor-element-2d116fb elementor-widget elementor-widget-text-editor\" data-id=\"2d116fb\" data-element_type=\"widget\" data-e-type=\"widget\" data-widget_type=\"text-editor.default\">\n\t\t\t\t\t\t\t\t\t<h4 style=\"text-align: left;\">Principales medidas del programa<\/h4><p>Entre las acciones consideradas para materializar los ejes estrat\u00e9gicos se consideran las siguientes:<\/p><ul><li><strong>Formaci\u00f3n jur\u00eddica<\/strong>. 1. Creaci\u00f3n de una unidad de aseguramiento de la calidad de la docencia en el pregrado y en postgrado, que incluya a los diplomados y cursos de actualizaci\u00f3n. 2. Desarrollo de una estrategia de posicionamiento de la oferta de programas de postgrado a nivel nacional y latinoamericano. 3. Desarrollo de una pol\u00edtica institucional de formaci\u00f3n \u00e9tica. 4. Fomento a la vinculaci\u00f3n temprana de estudiantes con proyectos de investigaci\u00f3n y opciones de postgrado.<\/li><\/ul><ul><li><strong>Investigaci\u00f3n. <\/strong> Desarrollo de una pol\u00edtica integral de investigaci\u00f3n. 2. Fomento de proyectos colaborativos entre unidades acad\u00e9micas, a trav\u00e9s de instrumentos de apoyo a la investigaci\u00f3n. 3. Internacionalizaci\u00f3n de la investigaci\u00f3n jur\u00eddica a trav\u00e9s del desarrollo de proyectos conjuntos con otras universidades de la regi\u00f3n. 4. Creaci\u00f3n de una unidad especializada de apoyo institucional a la postulaci\u00f3n de financiamiento y gesti\u00f3n de proyectos asociativos y financiamiento internacional. 5. Desarrollo de una pol\u00edtica de biblioteca de la Facultad que la transforme en un centro de documentaci\u00f3n jur\u00eddica de referencia.<\/li><\/ul>\t\t\t\t\t\t\t\t<\/div>\n\t\t\t\t<\/div>\n\t\t<div class=\"elementor-element elementor-element-29d1177 e-con-full e-flex wpr-particle-no wpr-jarallax-no wpr-parallax-no wpr-sticky-section-no wpr-column-slider-no wpr-equal-height-no e-con e-child\" data-id=\"29d1177\" data-element_type=\"container\" data-e-type=\"container\" data-settings=\"{&quot;background_background&quot;:&quot;classic&quot;}\">\n\t\t\t\t<div class=\"elementor-element elementor-element-dec28dc elementor-widget elementor-widget-spacer\" data-id=\"dec28dc\" data-element_type=\"widget\" data-e-type=\"widget\" data-widget_type=\"spacer.default\">\n\t\t\t\t\t\t\t<div class=\"elementor-spacer\">\n\t\t\t<div class=\"elementor-spacer-inner\"><\/div>\n\t\t<\/div>\n\t\t\t\t\t\t<\/div>\n\t\t\t\t<div class=\"elementor-element elementor-element-5e797fd elementor-widget elementor-widget-text-editor\" data-id=\"5e797fd\" data-element_type=\"widget\" data-e-type=\"widget\" data-widget_type=\"text-editor.default\">\n\t\t\t\t\t\t\t\t\t<ul><li><strong>Claustro acad\u00e9mico. <\/strong>1. Acompa\u00f1amiento institucional en los procesos de evaluaci\u00f3n y promoci\u00f3n acad\u00e9mica. 2. Transparencia en la distribuci\u00f3n de cargas acad\u00e9micas. 3. Simplificaci\u00f3n de procesos administrativos. 4. Programas de mentor\u00eda para nuevas generaciones acad\u00e9micas. 5. Reconocimiento de la diversidad de trayectorias acad\u00e9micas en el ejercicio de la actividad acad\u00e9mica. 6. Establecimiento de reglas de cumplimiento de jornada en coherencia con las particularidades de la actividad acad\u00e9mica. 7. Promoci\u00f3n de la movilidad acad\u00e9mica internacional.<br \/><strong>\u00a0<\/strong><\/li><\/ul><ul><li><strong>Gobernanza y financiamiento.\u00a0<\/strong>Evaluaci\u00f3n y mejora de la infraestructura f\u00edsica y tecnol\u00f3gica. 2. Transparencia presupuestaria. 3. Distribuci\u00f3n equitativa de recursos. 4. Diversificaci\u00f3n de fuentes de financiamiento. 5. Planificaci\u00f3n financiera de mediano y largo plazo. 6. Fortalecimiento de la rendici\u00f3n de cuentas.<\/li><\/ul>\t\t\t\t\t\t\t\t<\/div>\n\t\t\t\t<div class=\"elementor-element elementor-element-069f61c elementor-widget elementor-widget-spacer\" data-id=\"069f61c\" data-element_type=\"widget\" data-e-type=\"widget\" data-widget_type=\"spacer.default\">\n\t\t\t\t\t\t\t<div class=\"elementor-spacer\">\n\t\t\t<div class=\"elementor-spacer-inner\"><\/div>\n\t\t<\/div>\n\t\t\t\t\t\t<\/div>\n\t\t\t\t<\/div>\n\t\t\t\t\t<\/div>\n\t\t\t\t<\/div>\n\t\t<div class=\"elementor-element elementor-element-8161920 e-flex e-con-boxed wpr-particle-no wpr-jarallax-no wpr-parallax-no wpr-sticky-section-no wpr-column-slider-no wpr-equal-height-no e-con e-parent\" data-id=\"8161920\" data-element_type=\"container\" data-e-type=\"container\">\n\t\t\t\t\t<div class=\"e-con-inner\">\n\t\t\t\t<div class=\"elementor-element elementor-element-6cd74de elementor-widget elementor-widget-heading\" data-id=\"6cd74de\" data-element_type=\"widget\" data-e-type=\"widget\" data-widget_type=\"heading.default\">\n\t\t\t\t\t<h2 class=\"elementor-heading-title elementor-size-default\">Apoyos a la candidatura<\/h2>\t\t\t\t<\/div>\n\t\t\t\t<div class=\"elementor-element elementor-element-6bdbca6 elementor-arrows-position-inside elementor-pagination-position-outside elementor-widget elementor-widget-image-carousel\" data-id=\"6bdbca6\" data-element_type=\"widget\" data-e-type=\"widget\" data-settings=\"{&quot;slides_to_show&quot;:&quot;4&quot;,&quot;image_spacing_custom&quot;:{&quot;unit&quot;:&quot;px&quot;,&quot;size&quot;:5,&quot;sizes&quot;:[]},&quot;slides_to_scroll&quot;:&quot;2&quot;,&quot;navigation&quot;:&quot;both&quot;,&quot;autoplay&quot;:&quot;yes&quot;,&quot;autoplay_speed&quot;:5000,&quot;infinite&quot;:&quot;yes&quot;,&quot;speed&quot;:500,&quot;image_spacing_custom_laptop&quot;:{&quot;unit&quot;:&quot;px&quot;,&quot;size&quot;:&quot;&quot;,&quot;sizes&quot;:[]},&quot;image_spacing_custom_tablet&quot;:{&quot;unit&quot;:&quot;px&quot;,&quot;size&quot;:&quot;&quot;,&quot;sizes&quot;:[]},&quot;image_spacing_custom_mobile&quot;:{&quot;unit&quot;:&quot;px&quot;,&quot;size&quot;:&quot;&quot;,&quot;sizes&quot;:[]}}\" data-widget_type=\"image-carousel.default\">\n\t\t\t\t\t\t\t<div class=\"elementor-image-carousel-wrapper swiper\" role=\"region\" aria-roledescription=\"carousel\" aria-label=\"Carrusel de im\u00e1genes\" dir=\"ltr\">\n\t\t\t<div class=\"elementor-image-carousel swiper-wrapper\" aria-live=\"off\">\n\t\t\t\t\t\t\t\t<div class=\"swiper-slide\" role=\"group\" aria-roledescription=\"slide\" aria-label=\"1 de 11\"><figure class=\"swiper-slide-inner\"><img decoding=\"async\" class=\"swiper-slide-image\" src=\"https:\/\/pilarmoraga.cl\/wp-content\/uploads\/2026\/07\/1-300x200.jpg\" alt=\"Claudio Moraga\" \/><figcaption class=\"elementor-image-carousel-caption\">Claudio Moraga<\/figcaption><\/figure><\/div><div class=\"swiper-slide\" role=\"group\" aria-roledescription=\"slide\" aria-label=\"2 de 11\"><figure class=\"swiper-slide-inner\"><img decoding=\"async\" class=\"swiper-slide-image\" src=\"https:\/\/pilarmoraga.cl\/wp-content\/uploads\/2026\/07\/3-300x200.jpg\" alt=\"Cecilia Medina Quiroga\" \/><figcaption class=\"elementor-image-carousel-caption\"> Cecilia Medina Quiroga<\/figcaption><\/figure><\/div><div class=\"swiper-slide\" role=\"group\" aria-roledescription=\"slide\" aria-label=\"3 de 11\"><figure class=\"swiper-slide-inner\"><img decoding=\"async\" class=\"swiper-slide-image\" src=\"https:\/\/pilarmoraga.cl\/wp-content\/uploads\/2026\/07\/2-300x200.jpg\" alt=\"Marcelo Olivares\" \/><figcaption class=\"elementor-image-carousel-caption\">Marcelo Olivares<\/figcaption><\/figure><\/div><div class=\"swiper-slide\" role=\"group\" aria-roledescription=\"slide\" aria-label=\"4 de 11\"><figure class=\"swiper-slide-inner\"><img decoding=\"async\" class=\"swiper-slide-image\" src=\"https:\/\/pilarmoraga.cl\/wp-content\/uploads\/2026\/07\/6-300x200.jpg\" alt=\"Danielle Zaror\" \/><figcaption class=\"elementor-image-carousel-caption\">Danielle Zaror<\/figcaption><\/figure><\/div><div class=\"swiper-slide\" role=\"group\" aria-roledescription=\"slide\" aria-label=\"5 de 11\"><figure class=\"swiper-slide-inner\"><img decoding=\"async\" class=\"swiper-slide-image\" src=\"https:\/\/pilarmoraga.cl\/wp-content\/uploads\/2026\/07\/5-300x200.jpg\" alt=\"Carlos Detlef\" \/><figcaption class=\"elementor-image-carousel-caption\">Carlos Detlef<\/figcaption><\/figure><\/div><div class=\"swiper-slide\" role=\"group\" aria-roledescription=\"slide\" aria-label=\"6 de 11\"><figure class=\"swiper-slide-inner\"><img decoding=\"async\" class=\"swiper-slide-image\" src=\"https:\/\/pilarmoraga.cl\/wp-content\/uploads\/2026\/07\/4-300x200.jpg\" alt=\"Ra\u00fal Letelier Wartenberg\" \/><figcaption class=\"elementor-image-carousel-caption\">Ra\u00fal Letelier Wartenberg<\/figcaption><\/figure><\/div><div class=\"swiper-slide\" role=\"group\" aria-roledescription=\"slide\" aria-label=\"7 de 11\"><figure class=\"swiper-slide-inner\"><img decoding=\"async\" class=\"swiper-slide-image\" src=\"https:\/\/pilarmoraga.cl\/wp-content\/uploads\/2026\/07\/1-1-300x200.jpg\" alt=\"Mauricio Tapia\" \/><figcaption class=\"elementor-image-carousel-caption\">Mauricio Tapia<\/figcaption><\/figure><\/div><div class=\"swiper-slide\" role=\"group\" aria-roledescription=\"slide\" aria-label=\"8 de 11\"><figure class=\"swiper-slide-inner\"><img decoding=\"async\" class=\"swiper-slide-image\" src=\"https:\/\/pilarmoraga.cl\/wp-content\/uploads\/2026\/07\/2-1-300x200.jpg\" alt=\"M. Nora Gonz\u00e1lez\" \/><figcaption class=\"elementor-image-carousel-caption\">M. Nora Gonz\u00e1lez<\/figcaption><\/figure><\/div><div class=\"swiper-slide\" role=\"group\" aria-roledescription=\"slide\" aria-label=\"9 de 11\"><figure class=\"swiper-slide-inner\"><img decoding=\"async\" class=\"swiper-slide-image\" src=\"https:\/\/pilarmoraga.cl\/wp-content\/uploads\/2026\/07\/3-1-300x200.jpg\" alt=\"Sim\u00f3n Accorsi\" \/><figcaption class=\"elementor-image-carousel-caption\">Sim\u00f3n Accorsi<\/figcaption><\/figure><\/div><div class=\"swiper-slide\" role=\"group\" aria-roledescription=\"slide\" aria-label=\"10 de 11\"><figure class=\"swiper-slide-inner\"><img decoding=\"async\" class=\"swiper-slide-image\" src=\"https:\/\/pilarmoraga.cl\/wp-content\/uploads\/2026\/07\/pilar-apoyos-web-300x200.jpg\" alt=\"Alberto Cerda\" \/><figcaption class=\"elementor-image-carousel-caption\">Alberto Cerda <\/figcaption><\/figure><\/div><div class=\"swiper-slide\" role=\"group\" aria-roledescription=\"slide\" aria-label=\"11 de 11\"><figure class=\"swiper-slide-inner\"><img decoding=\"async\" class=\"swiper-slide-image\" src=\"https:\/\/pilarmoraga.cl\/wp-content\/uploads\/2026\/07\/pilar-apoyos-web-300x200.png\" alt=\"Miguel Orellana Benado\" \/><figcaption class=\"elementor-image-carousel-caption\">Miguel Orellana Benado<\/figcaption><\/figure><\/div>\t\t\t<\/div>\n\t\t\t\t\t\t\t\t\t\t\t\t<div class=\"elementor-swiper-button elementor-swiper-button-prev\" role=\"button\" tabindex=\"0\">\n\t\t\t\t\t\t<svg aria-hidden=\"true\" class=\"e-font-icon-svg e-eicon-chevron-left\" viewBox=\"0 0 1000 1000\" xmlns=\"http:\/\/www.w3.org\/2000\/svg\"><path d=\"M646 125C629 125 613 133 604 142L308 442C296 454 292 471 292 487 292 504 296 521 308 533L604 854C617 867 629 875 646 875 663 875 679 871 692 858 704 846 713 829 713 812 713 796 708 779 692 767L438 487 692 225C700 217 708 204 708 187 708 171 704 154 692 142 675 129 663 125 646 125Z\"><\/path><\/svg>\t\t\t\t\t<\/div>\n\t\t\t\t\t<div class=\"elementor-swiper-button elementor-swiper-button-next\" role=\"button\" tabindex=\"0\">\n\t\t\t\t\t\t<svg aria-hidden=\"true\" class=\"e-font-icon-svg e-eicon-chevron-right\" viewBox=\"0 0 1000 1000\" xmlns=\"http:\/\/www.w3.org\/2000\/svg\"><path d=\"M696 533C708 521 713 504 713 487 713 471 708 454 696 446L400 146C388 133 375 125 354 125 338 125 325 129 313 142 300 154 292 171 292 187 292 204 296 221 308 233L563 492 304 771C292 783 288 800 288 817 288 833 296 850 308 863 321 871 338 875 354 875 371 875 388 867 400 854L696 533Z\"><\/path><\/svg>\t\t\t\t\t<\/div>\n\t\t\t\t\n\t\t\t\t\t\t\t\t\t<div class=\"swiper-pagination\"><\/div>\n\t\t\t\t\t\t\t\t\t<\/div>\n\t\t\t\t\t\t<\/div>\n\t\t\t\t\t<\/div>\n\t\t\t\t<\/div>\n\t\t<div class=\"elementor-element elementor-element-0adb609 e-flex e-con-boxed wpr-particle-no wpr-jarallax-no wpr-parallax-no wpr-sticky-section-no wpr-column-slider-no wpr-equal-height-no e-con e-parent\" data-id=\"0adb609\" data-element_type=\"container\" data-e-type=\"container\" data-settings=\"{&quot;background_background&quot;:&quot;classic&quot;}\">\n\t\t\t\t\t<div class=\"e-con-inner\">\n\t\t<div class=\"elementor-element elementor-element-e106748 e-con-full e-flex wpr-particle-no wpr-jarallax-no wpr-parallax-no wpr-sticky-section-no wpr-column-slider-no wpr-equal-height-no e-con e-child\" data-id=\"e106748\" data-element_type=\"container\" data-e-type=\"container\">\n\t\t\t\t<div class=\"elementor-element elementor-element-2bf2fb9 elementor-widget__width-initial elementor-widget elementor-widget-text-editor\" data-id=\"2bf2fb9\" data-element_type=\"widget\" data-e-type=\"widget\" data-widget_type=\"text-editor.default\">\n\t\t\t\t\t\t\t\t\t<h4 style=\"text-align: center;\"><strong>\u00a0<\/strong><strong>\u00bfQuieres sumarte a este proyecto?<\/strong><\/h4><p style=\"text-align: center;\">Escr\u00edbenos a <span style=\"color: #00ffff;\"><a style=\"color: #00ffff;\" href=\"mailto:decana2026@pilarmoraga.cl\">decana2026@pilarmoraga.cl<\/a><\/span><\/p>\t\t\t\t\t\t\t\t<\/div>\n\t\t\t\t<div class=\"elementor-element elementor-element-19b4c3d elementor-widget elementor-widget-image\" data-id=\"19b4c3d\" data-element_type=\"widget\" data-e-type=\"widget\" data-widget_type=\"image.default\">\n\t\t\t\t\t\t\t\t\t\t\t\t\t\t\t<img fetchpriority=\"high\" decoding=\"async\" width=\"960\" height=\"186\" src=\"https:\/\/pilarmoraga.cl\/wp-content\/uploads\/2024\/05\/logo3-1024x198.png\" class=\"attachment-large size-large wp-image-287\" alt=\"\" srcset=\"https:\/\/pilarmoraga.cl\/wp-content\/uploads\/2024\/05\/logo3-1024x198.png 1024w, https:\/\/pilarmoraga.cl\/wp-content\/uploads\/2024\/05\/logo3-300x58.png 300w, https:\/\/pilarmoraga.cl\/wp-content\/uploads\/2024\/05\/logo3-768x148.png 768w, https:\/\/pilarmoraga.cl\/wp-content\/uploads\/2024\/05\/logo3.png 1200w\" sizes=\"(max-width: 960px) 100vw, 960px\" \/>\t\t\t\t\t\t\t\t\t\t\t\t\t\t\t<\/div>\n\t\t\t\t<\/div>\n\t\t<div class=\"elementor-element elementor-element-9557ddf e-con-full e-flex wpr-particle-no wpr-jarallax-no wpr-parallax-no wpr-sticky-section-no wpr-column-slider-no wpr-equal-height-no e-con e-child\" data-id=\"9557ddf\" data-element_type=\"container\" data-e-type=\"container\">\n\t\t\t\t<div class=\"elementor-element elementor-element-96f537c elementor-widget__width-initial elementor-widget elementor-widget-text-editor\" data-id=\"96f537c\" data-element_type=\"widget\" data-e-type=\"widget\" data-widget_type=\"text-editor.default\">\n\t\t\t\t\t\t\t\t\t<h4 style=\"text-align: center;\"><strong>\u00a0<\/strong><strong>Actividades y agenda<\/strong><\/h4>\t\t\t\t\t\t\t\t<\/div>\n\t\t\t\t<div class=\"elementor-element elementor-element-fa83f98 elementor-widget elementor-widget-text-editor\" data-id=\"fa83f98\" data-element_type=\"widget\" data-e-type=\"widget\" data-widget_type=\"text-editor.default\">\n\t\t\t\t\t\t\t\t\t<p>\n<div id=\"sb_instagram\"  class=\"sbi sbi_mob_col_1 sbi_tab_col_2 sbi_col_4 sbi_width_resp\" style=\"padding-bottom: 10px;\"\t data-feedid=\"*1\"  data-res=\"auto\" data-cols=\"4\" data-colsmobile=\"1\" data-colstablet=\"2\" data-num=\"8\" data-nummobile=\"3\" data-item-padding=\"5\"\t data-shortcode-atts=\"{&quot;feed&quot;:&quot;1&quot;}\"  data-postid=\"261\" data-locatornonce=\"7f6bc50665\" data-imageaspectratio=\"3:4\" data-sbi-flags=\"favorLocal\">\n\t<div class=\"sb_instagram_header  sbi_medium\"   >\n\t<a class=\"sbi_header_link\" target=\"_blank\"\n\t   rel=\"nofollow noopener\" href=\"https:\/\/www.instagram.com\/pilar.moraga.sariego\/\" title=\"@pilar.moraga.sariego\">\n\t\t<div class=\"sbi_header_text\">\n\t\t\t<div class=\"sbi_header_img\"  data-avatar-url=\"https:\/\/instagram.fscl1-1.fna.fbcdn.net\/v\/t51.82787-19\/754037621_18065274380552202_4414788083552073990_n.jpg?stp=dst-jpg_s206x206_tt6&amp;_nc_cat=111&amp;ccb=7-5&amp;_nc_sid=bf7eb4&amp;efg=eyJ2ZW5jb2RlX3RhZyI6InByb2ZpbGVfcGljLnd3dy4xMDgwLkMzIn0%3D&amp;_nc_ohc=zfGfdLSDDBIQ7kNvwE4o8Ri&amp;_nc_oc=Adqan9WlDsVz29aNb7WorkH5MrvPUx7o_yNf5Lxa6Z6Phe_rt8QwLs7mdLIaAmlaQeY&amp;_nc_zt=24&amp;_nc_ht=instagram.fscl1-1.fna&amp;edm=AP4hL3IEAAAA&amp;_nc_gid=EZIoUb3iz4Cf5IprWa8_ng&amp;_nc_tpa=Q5bMBQKbXORFiCl93MNBmrCFWGZZmk7Lk8z0MxjnVryyOnAwKWWFPcnaXDWm-rQYEkrkRf9AcwQQwf3BjQ&amp;oh=00_AQJOO8mj8ZbNa-Z1EPpX1eyZLRWhqZUs6qyPxL1ApphCvg&amp;oe=6A9CA674\">\n\t\t\t\t\t\t\t\t\t<div class=\"sbi_header_img_hover\"  ><svg class=\"sbi_new_logo fa-instagram fa-w-14\" aria-hidden=\"true\" data-fa-processed=\"\" aria-label=\"Instagram\" data-prefix=\"fab\" data-icon=\"instagram\" role=\"img\" viewBox=\"0 0 448 512\">\n                    <path fill=\"currentColor\" d=\"M224.1 141c-63.6 0-114.9 51.3-114.9 114.9s51.3 114.9 114.9 114.9S339 319.5 339 255.9 287.7 141 224.1 141zm0 189.6c-41.1 0-74.7-33.5-74.7-74.7s33.5-74.7 74.7-74.7 74.7 33.5 74.7 74.7-33.6 74.7-74.7 74.7zm146.4-194.3c0 14.9-12 26.8-26.8 26.8-14.9 0-26.8-12-26.8-26.8s12-26.8 26.8-26.8 26.8 12 26.8 26.8zm76.1 27.2c-1.7-35.9-9.9-67.7-36.2-93.9-26.2-26.2-58-34.4-93.9-36.2-37-2.1-147.9-2.1-184.9 0-35.8 1.7-67.6 9.9-93.9 36.1s-34.4 58-36.2 93.9c-2.1 37-2.1 147.9 0 184.9 1.7 35.9 9.9 67.7 36.2 93.9s58 34.4 93.9 36.2c37 2.1 147.9 2.1 184.9 0 35.9-1.7 67.7-9.9 93.9-36.2 26.2-26.2 34.4-58 36.2-93.9 2.1-37 2.1-147.8 0-184.8zM398.8 388c-7.8 19.6-22.9 34.7-42.6 42.6-29.5 11.7-99.5 9-132.1 9s-102.7 2.6-132.1-9c-19.6-7.8-34.7-22.9-42.6-42.6-11.7-29.5-9-99.5-9-132.1s-2.6-102.7 9-132.1c7.8-19.6 22.9-34.7 42.6-42.6 29.5-11.7 99.5-9 132.1-9s102.7-2.6 132.1 9c19.6 7.8 34.7 22.9 42.6 42.6 11.7 29.5 9 99.5 9 132.1s2.7 102.7-9 132.1z\"><\/path>\n                <\/svg><\/div>\n\t\t\t\t\t<img loading=\"lazy\" decoding=\"async\"  src=\"https:\/\/pilarmoraga.cl\/wp-content\/uploads\/sb-instagram-feed-images\/pilar.moraga.sariego.webp\" alt=\"\" width=\"50\" height=\"50\">\n\t\t\t\t\n\t\t\t\t\t\t\t<\/div>\n\n\t\t\t<div class=\"sbi_feedtheme_header_text\">\n\t\t\t\t<h3 style=\"color: rgb(0,255,238);\">pilar.moraga.sariego<\/h3>\n\t\t\t\t\t\t\t\t\t<p class=\"sbi_bio\" style=\"color: rgb(0,255,238);\">Pilar Moraga Sariego. Profesora Titular, Facultad de Derecho Universidad de Chile<\/p>\n\t\t\t\t\t\t\t<\/div>\n\t\t<\/div>\n\t<\/a>\n<\/div>\n\n\t<div id=\"sbi_images\"  style=\"gap: 10px;\">\n\t\t<div class=\"sbi_item sbi_type_carousel sbi_new sbi_transition\"\n\tid=\"sbi_17951191482014430\" data-date=\"1784919395\">\n\t<div class=\"sbi_photo_wrap\">\n\t\t<a class=\"sbi_photo\" href=\"https:\/\/www.instagram.com\/p\/DbL7zoylFBF\/\" target=\"_blank\" rel=\"noopener nofollow\"\n\t\t\tdata-full-res=\"https:\/\/instagram.fscl1-1.fna.fbcdn.net\/v\/t51.82787-15\/755246974_18065695919552202_6928725082823739606_n.jpg?stp=dst-jpg_e35_tt6&#038;_nc_cat=109&#038;ccb=7-5&#038;_nc_sid=18de74&#038;efg=eyJlZmdfdGFnIjoiQ0FST1VTRUxfSVRFTS5iZXN0X2ltYWdlX3VybGdlbi5DMyJ9&#038;_nc_ohc=uJg0suJKN2IQ7kNvwF_P_WM&#038;_nc_oc=AdpEC6xxIY2kvgbYHKOTN7ACvVHkWYyFMCZImzgiiHFG7GwbDiJ0sH2Uvdl9ZDnkv1U&#038;_nc_zt=23&#038;_nc_ht=instagram.fscl1-1.fna&#038;edm=ANo9K5cEAAAA&#038;_nc_gid=efVR5eut2XuSSqq9QsZw4A&#038;_nc_tpa=Q5bMBQLFV3blwj7Mm0MACtJcALodoli9RNu0cfU6kIL1N0mF1QpYrQV_NjOwMrmmg6JAQYv41PgX1yGWFA&#038;oh=00_AQLX5x3ZiwbHsKl1I0zEaqxTX74FvN5lVTqw-R3Ma2j1Aw&#038;oe=6A9CBAF7\"\n\t\t\tdata-img-src-set=\"{&quot;d&quot;:&quot;https:\\\/\\\/instagram.fscl1-1.fna.fbcdn.net\\\/v\\\/t51.82787-15\\\/755246974_18065695919552202_6928725082823739606_n.jpg?stp=dst-jpg_e35_tt6&amp;_nc_cat=109&amp;ccb=7-5&amp;_nc_sid=18de74&amp;efg=eyJlZmdfdGFnIjoiQ0FST1VTRUxfSVRFTS5iZXN0X2ltYWdlX3VybGdlbi5DMyJ9&amp;_nc_ohc=uJg0suJKN2IQ7kNvwF_P_WM&amp;_nc_oc=AdpEC6xxIY2kvgbYHKOTN7ACvVHkWYyFMCZImzgiiHFG7GwbDiJ0sH2Uvdl9ZDnkv1U&amp;_nc_zt=23&amp;_nc_ht=instagram.fscl1-1.fna&amp;edm=ANo9K5cEAAAA&amp;_nc_gid=efVR5eut2XuSSqq9QsZw4A&amp;_nc_tpa=Q5bMBQLFV3blwj7Mm0MACtJcALodoli9RNu0cfU6kIL1N0mF1QpYrQV_NjOwMrmmg6JAQYv41PgX1yGWFA&amp;oh=00_AQLX5x3ZiwbHsKl1I0zEaqxTX74FvN5lVTqw-R3Ma2j1Aw&amp;oe=6A9CBAF7&quot;,&quot;150&quot;:&quot;https:\\\/\\\/instagram.fscl1-1.fna.fbcdn.net\\\/v\\\/t51.82787-15\\\/755246974_18065695919552202_6928725082823739606_n.jpg?stp=dst-jpg_e35_tt6&amp;_nc_cat=109&amp;ccb=7-5&amp;_nc_sid=18de74&amp;efg=eyJlZmdfdGFnIjoiQ0FST1VTRUxfSVRFTS5iZXN0X2ltYWdlX3VybGdlbi5DMyJ9&amp;_nc_ohc=uJg0suJKN2IQ7kNvwF_P_WM&amp;_nc_oc=AdpEC6xxIY2kvgbYHKOTN7ACvVHkWYyFMCZImzgiiHFG7GwbDiJ0sH2Uvdl9ZDnkv1U&amp;_nc_zt=23&amp;_nc_ht=instagram.fscl1-1.fna&amp;edm=ANo9K5cEAAAA&amp;_nc_gid=efVR5eut2XuSSqq9QsZw4A&amp;_nc_tpa=Q5bMBQLFV3blwj7Mm0MACtJcALodoli9RNu0cfU6kIL1N0mF1QpYrQV_NjOwMrmmg6JAQYv41PgX1yGWFA&amp;oh=00_AQLX5x3ZiwbHsKl1I0zEaqxTX74FvN5lVTqw-R3Ma2j1Aw&amp;oe=6A9CBAF7&quot;,&quot;320&quot;:&quot;https:\\\/\\\/instagram.fscl1-1.fna.fbcdn.net\\\/v\\\/t51.82787-15\\\/755246974_18065695919552202_6928725082823739606_n.jpg?stp=dst-jpg_e35_tt6&amp;_nc_cat=109&amp;ccb=7-5&amp;_nc_sid=18de74&amp;efg=eyJlZmdfdGFnIjoiQ0FST1VTRUxfSVRFTS5iZXN0X2ltYWdlX3VybGdlbi5DMyJ9&amp;_nc_ohc=uJg0suJKN2IQ7kNvwF_P_WM&amp;_nc_oc=AdpEC6xxIY2kvgbYHKOTN7ACvVHkWYyFMCZImzgiiHFG7GwbDiJ0sH2Uvdl9ZDnkv1U&amp;_nc_zt=23&amp;_nc_ht=instagram.fscl1-1.fna&amp;edm=ANo9K5cEAAAA&amp;_nc_gid=efVR5eut2XuSSqq9QsZw4A&amp;_nc_tpa=Q5bMBQLFV3blwj7Mm0MACtJcALodoli9RNu0cfU6kIL1N0mF1QpYrQV_NjOwMrmmg6JAQYv41PgX1yGWFA&amp;oh=00_AQLX5x3ZiwbHsKl1I0zEaqxTX74FvN5lVTqw-R3Ma2j1Aw&amp;oe=6A9CBAF7&quot;,&quot;640&quot;:&quot;https:\\\/\\\/instagram.fscl1-1.fna.fbcdn.net\\\/v\\\/t51.82787-15\\\/755246974_18065695919552202_6928725082823739606_n.jpg?stp=dst-jpg_e35_tt6&amp;_nc_cat=109&amp;ccb=7-5&amp;_nc_sid=18de74&amp;efg=eyJlZmdfdGFnIjoiQ0FST1VTRUxfSVRFTS5iZXN0X2ltYWdlX3VybGdlbi5DMyJ9&amp;_nc_ohc=uJg0suJKN2IQ7kNvwF_P_WM&amp;_nc_oc=AdpEC6xxIY2kvgbYHKOTN7ACvVHkWYyFMCZImzgiiHFG7GwbDiJ0sH2Uvdl9ZDnkv1U&amp;_nc_zt=23&amp;_nc_ht=instagram.fscl1-1.fna&amp;edm=ANo9K5cEAAAA&amp;_nc_gid=efVR5eut2XuSSqq9QsZw4A&amp;_nc_tpa=Q5bMBQLFV3blwj7Mm0MACtJcALodoli9RNu0cfU6kIL1N0mF1QpYrQV_NjOwMrmmg6JAQYv41PgX1yGWFA&amp;oh=00_AQLX5x3ZiwbHsKl1I0zEaqxTX74FvN5lVTqw-R3Ma2j1Aw&amp;oe=6A9CBAF7&quot;}\">\n\t\t\t<span class=\"sbi-screenreader\">Estimadas acad\u00e9micas y estimados acad\u00e9micos:  Nues<\/span>\n\t\t\t<svg class=\"svg-inline--fa fa-clone fa-w-16 sbi_lightbox_carousel_icon\" aria-hidden=\"true\" aria-label=\"Clone\" data-fa-pro\u0192cessed=\"\" data-prefix=\"far\" data-icon=\"clone\" role=\"img\" xmlns=\"http:\/\/www.w3.org\/2000\/svg\" viewBox=\"0 0 512 512\">\n                    <path fill=\"currentColor\" d=\"M464 0H144c-26.51 0-48 21.49-48 48v48H48c-26.51 0-48 21.49-48 48v320c0 26.51 21.49 48 48 48h320c26.51 0 48-21.49 48-48v-48h48c26.51 0 48-21.49 48-48V48c0-26.51-21.49-48-48-48zM362 464H54a6 6 0 0 1-6-6V150a6 6 0 0 1 6-6h42v224c0 26.51 21.49 48 48 48h224v42a6 6 0 0 1-6 6zm96-96H150a6 6 0 0 1-6-6V54a6 6 0 0 1 6-6h308a6 6 0 0 1 6 6v308a6 6 0 0 1-6 6z\"><\/path>\n                <\/svg>\t\t\t\t\t\t<img decoding=\"async\" src=\"https:\/\/pilarmoraga.cl\/wp-content\/plugins\/instagram-feed\/img\/placeholder.png\" alt=\"Estimadas acad\u00e9micas y estimados acad\u00e9micos:\n\nNuestra Facultad se ha pronunciado claramente por un nuevo mandato 2026-2030 que signifique renovaci\u00f3n de liderazgos.\n\nLa primera vuelta expres\u00f3 el deseo de una parte muy importante de nuestra comunidad de abrir una nueva etapa para la Facultad de Derecho, marcada por la excelencia, la transparencia, la renovaci\u00f3n de liderazgos y una mirada de futuro.\n\nPor esa raz\u00f3n, queremos comunicar que hemos alcanzado una convergencia program\u00e1tica que va mucho m\u00e1s all\u00e1 de un acuerdo electoral. Es un compromiso con una forma distinta de conducir nuestra Facultad.\n\nEsta convergencia incorpora compromisos concretos que orientar\u00e1n la gesti\u00f3n de la Facultad en los pr\u00f3ximos a\u00f1os.\n\nLa renovaci\u00f3n no consiste solo en cambiar personas. Consiste en cambiar la forma de hacer las cosas: gobernar con reglas claras, fortalecer el m\u00e9rito, abrir espacios para las nuevas generaciones y construir una Facultad que mire al futuro sin perder lo mejor de su historia.\n\nInvitamos a quienes han confiado nuestros proyectos y a todas y todos quienes creen que nuestra Facultad merece una nueva etapa, a sumarse a esta mayor\u00eda por la renovaci\u00f3n.\n\nPorque la renovaci\u00f3n no se declara. Se construye. Y comienza hoy.\n\nRen\u00e9e Rivero\nPilar Moraga\" aria-hidden=\"true\">\n\t\t<\/a>\n\t<\/div>\n<\/div><div class=\"sbi_item sbi_type_carousel sbi_new sbi_transition\"\n\tid=\"sbi_18113020294903865\" data-date=\"1784135079\">\n\t<div class=\"sbi_photo_wrap\">\n\t\t<a class=\"sbi_photo\" href=\"https:\/\/www.instagram.com\/p\/Da0j164lgyN\/\" target=\"_blank\" rel=\"noopener nofollow\"\n\t\t\tdata-full-res=\"https:\/\/instagram.fscl1-1.fna.fbcdn.net\/v\/t51.82787-15\/746429358_18064306589552202_5670815908301107797_n.jpg?stp=dst-jpg_e35_tt6&#038;_nc_cat=100&#038;ccb=7-5&#038;_nc_sid=18de74&#038;efg=eyJlZmdfdGFnIjoiQ0FST1VTRUxfSVRFTS5iZXN0X2ltYWdlX3VybGdlbi5DMyJ9&#038;_nc_ohc=sVgVPHAuqLwQ7kNvwE4PrFk&#038;_nc_oc=AdogCnLOxYXGiwiS5Td2R0Qx2xbWcywKqGW2ikGrkW-BuRjAFn1x3aV329LX32jOz0o&#038;_nc_zt=23&#038;_nc_ht=instagram.fscl1-1.fna&#038;edm=ANo9K5cEAAAA&#038;_nc_gid=efVR5eut2XuSSqq9QsZw4A&#038;_nc_tpa=Q5bMBQIWdbCqdnPWKHRqlDRtYdIm91yM9s8OFylOSopFiABsiYKovY3SFK9dEVuntn4lCDEnwW8Wj521uQ&#038;oh=00_AQJ8HeRDqeLSPX3Q7NTlo8PElCvEbXpiVQuO5bYj7n_DYA&#038;oe=6A9CABEC\"\n\t\t\tdata-img-src-set=\"{&quot;d&quot;:&quot;https:\\\/\\\/instagram.fscl1-1.fna.fbcdn.net\\\/v\\\/t51.82787-15\\\/746429358_18064306589552202_5670815908301107797_n.jpg?stp=dst-jpg_e35_tt6&amp;_nc_cat=100&amp;ccb=7-5&amp;_nc_sid=18de74&amp;efg=eyJlZmdfdGFnIjoiQ0FST1VTRUxfSVRFTS5iZXN0X2ltYWdlX3VybGdlbi5DMyJ9&amp;_nc_ohc=sVgVPHAuqLwQ7kNvwE4PrFk&amp;_nc_oc=AdogCnLOxYXGiwiS5Td2R0Qx2xbWcywKqGW2ikGrkW-BuRjAFn1x3aV329LX32jOz0o&amp;_nc_zt=23&amp;_nc_ht=instagram.fscl1-1.fna&amp;edm=ANo9K5cEAAAA&amp;_nc_gid=efVR5eut2XuSSqq9QsZw4A&amp;_nc_tpa=Q5bMBQIWdbCqdnPWKHRqlDRtYdIm91yM9s8OFylOSopFiABsiYKovY3SFK9dEVuntn4lCDEnwW8Wj521uQ&amp;oh=00_AQJ8HeRDqeLSPX3Q7NTlo8PElCvEbXpiVQuO5bYj7n_DYA&amp;oe=6A9CABEC&quot;,&quot;150&quot;:&quot;https:\\\/\\\/instagram.fscl1-1.fna.fbcdn.net\\\/v\\\/t51.82787-15\\\/746429358_18064306589552202_5670815908301107797_n.jpg?stp=dst-jpg_e35_tt6&amp;_nc_cat=100&amp;ccb=7-5&amp;_nc_sid=18de74&amp;efg=eyJlZmdfdGFnIjoiQ0FST1VTRUxfSVRFTS5iZXN0X2ltYWdlX3VybGdlbi5DMyJ9&amp;_nc_ohc=sVgVPHAuqLwQ7kNvwE4PrFk&amp;_nc_oc=AdogCnLOxYXGiwiS5Td2R0Qx2xbWcywKqGW2ikGrkW-BuRjAFn1x3aV329LX32jOz0o&amp;_nc_zt=23&amp;_nc_ht=instagram.fscl1-1.fna&amp;edm=ANo9K5cEAAAA&amp;_nc_gid=efVR5eut2XuSSqq9QsZw4A&amp;_nc_tpa=Q5bMBQIWdbCqdnPWKHRqlDRtYdIm91yM9s8OFylOSopFiABsiYKovY3SFK9dEVuntn4lCDEnwW8Wj521uQ&amp;oh=00_AQJ8HeRDqeLSPX3Q7NTlo8PElCvEbXpiVQuO5bYj7n_DYA&amp;oe=6A9CABEC&quot;,&quot;320&quot;:&quot;https:\\\/\\\/instagram.fscl1-1.fna.fbcdn.net\\\/v\\\/t51.82787-15\\\/746429358_18064306589552202_5670815908301107797_n.jpg?stp=dst-jpg_e35_tt6&amp;_nc_cat=100&amp;ccb=7-5&amp;_nc_sid=18de74&amp;efg=eyJlZmdfdGFnIjoiQ0FST1VTRUxfSVRFTS5iZXN0X2ltYWdlX3VybGdlbi5DMyJ9&amp;_nc_ohc=sVgVPHAuqLwQ7kNvwE4PrFk&amp;_nc_oc=AdogCnLOxYXGiwiS5Td2R0Qx2xbWcywKqGW2ikGrkW-BuRjAFn1x3aV329LX32jOz0o&amp;_nc_zt=23&amp;_nc_ht=instagram.fscl1-1.fna&amp;edm=ANo9K5cEAAAA&amp;_nc_gid=efVR5eut2XuSSqq9QsZw4A&amp;_nc_tpa=Q5bMBQIWdbCqdnPWKHRqlDRtYdIm91yM9s8OFylOSopFiABsiYKovY3SFK9dEVuntn4lCDEnwW8Wj521uQ&amp;oh=00_AQJ8HeRDqeLSPX3Q7NTlo8PElCvEbXpiVQuO5bYj7n_DYA&amp;oe=6A9CABEC&quot;,&quot;640&quot;:&quot;https:\\\/\\\/instagram.fscl1-1.fna.fbcdn.net\\\/v\\\/t51.82787-15\\\/746429358_18064306589552202_5670815908301107797_n.jpg?stp=dst-jpg_e35_tt6&amp;_nc_cat=100&amp;ccb=7-5&amp;_nc_sid=18de74&amp;efg=eyJlZmdfdGFnIjoiQ0FST1VTRUxfSVRFTS5iZXN0X2ltYWdlX3VybGdlbi5DMyJ9&amp;_nc_ohc=sVgVPHAuqLwQ7kNvwE4PrFk&amp;_nc_oc=AdogCnLOxYXGiwiS5Td2R0Qx2xbWcywKqGW2ikGrkW-BuRjAFn1x3aV329LX32jOz0o&amp;_nc_zt=23&amp;_nc_ht=instagram.fscl1-1.fna&amp;edm=ANo9K5cEAAAA&amp;_nc_gid=efVR5eut2XuSSqq9QsZw4A&amp;_nc_tpa=Q5bMBQIWdbCqdnPWKHRqlDRtYdIm91yM9s8OFylOSopFiABsiYKovY3SFK9dEVuntn4lCDEnwW8Wj521uQ&amp;oh=00_AQJ8HeRDqeLSPX3Q7NTlo8PElCvEbXpiVQuO5bYj7n_DYA&amp;oe=6A9CABEC&quot;}\">\n\t\t\t<span class=\"sbi-screenreader\">\ud83d\udc4fQuisiera felicitar a toda nuestra comunidad por e<\/span>\n\t\t\t<svg class=\"svg-inline--fa fa-clone fa-w-16 sbi_lightbox_carousel_icon\" aria-hidden=\"true\" aria-label=\"Clone\" data-fa-pro\u0192cessed=\"\" data-prefix=\"far\" data-icon=\"clone\" role=\"img\" xmlns=\"http:\/\/www.w3.org\/2000\/svg\" viewBox=\"0 0 512 512\">\n                    <path fill=\"currentColor\" d=\"M464 0H144c-26.51 0-48 21.49-48 48v48H48c-26.51 0-48 21.49-48 48v320c0 26.51 21.49 48 48 48h320c26.51 0 48-21.49 48-48v-48h48c26.51 0 48-21.49 48-48V48c0-26.51-21.49-48-48-48zM362 464H54a6 6 0 0 1-6-6V150a6 6 0 0 1 6-6h42v224c0 26.51 21.49 48 48 48h224v42a6 6 0 0 1-6 6zm96-96H150a6 6 0 0 1-6-6V54a6 6 0 0 1 6-6h308a6 6 0 0 1 6 6v308a6 6 0 0 1-6 6z\"><\/path>\n                <\/svg>\t\t\t\t\t\t<img decoding=\"async\" src=\"https:\/\/pilarmoraga.cl\/wp-content\/plugins\/instagram-feed\/img\/placeholder.png\" alt=\"\ud83d\udc4fQuisiera felicitar a toda nuestra comunidad por el proceso electoral que hemos vivido. Ha sido una elecci\u00f3n ejemplar, marcada por el respeto, la amistad c\u00edvica y una participaci\u00f3n extraordinaria, cercana al 95% del claustro. Esa amplia concurrencia fortalece nuestra democracia universitaria y refleja el profundo compromiso de nuestra comunidad con el futuro de la Facultad.\n\n\ud83d\ude4cFelicito tambi\u00e9n a quienes han pasado a la segunda vuelta y, especialmente, a quien resulte finalmente elegido o elegida para conducir nuestra Facultad durante los pr\u00f3ximos cuatro a\u00f1os. Le deseo el mayor de los \u00e9xitos en esa importante responsabilidad.\n\n\ud83d\udd25Quiero expresar, sobre todo, mi m\u00e1s profundo agradecimiento a quienes confiaron en esta candidatura. A quienes, m\u00e1s all\u00e1 de relaciones personales, afinidades pol\u00edticas, convicciones religiosas o cualquier otro v\u00ednculo, decidieron apoyar un proyecto construido desde una convicci\u00f3n acad\u00e9mica compartida: trabajar para que nuestra Facultad alcance el lugar que merece y se consolide como la Facultad de Derecho n\u00famero uno del pa\u00eds, sobre la base de la excelencia, el m\u00e9rito, la rigurosidad acad\u00e9mica y el compromiso con el servicio p\u00fablico.\n\n\u2696 Nos alegra que ese prop\u00f3sito haya logrado instalarse como parte del debate sobre el futuro de nuestra Facultad. Esperamos sinceramente que quien resulte elegido o elegida recoja esa aspiraci\u00f3n y la transforme en un horizonte compartido por toda nuestra comunidad. En honor a nuestra historia y a la responsabilidad que tenemos con las futuras generaciones, confiamos en que el m\u00e9rito, la rigurosidad y el compromiso contin\u00faen siendo los valores que orienten el desarrollo de nuestra Facultad y permitan proyectarla hacia nuevos niveles de excelencia.\n\n\u2728A todas y todos quienes hicieron posible este camino, gracias por su confianza, su tiempo, sus ideas y su generosidad. Ha sido un privilegio compartir este proyecto con ustedes. Seguir\u00e9 trabajando, desde el lugar que me corresponda, por una Facultad cada vez m\u00e1s s\u00f3lida, colaborativa y comprometida con el pa\u00eds.\" aria-hidden=\"true\">\n\t\t<\/a>\n\t<\/div>\n<\/div><div class=\"sbi_item sbi_type_carousel sbi_new sbi_transition\"\n\tid=\"sbi_17982103122030228\" data-date=\"1783990656\">\n\t<div class=\"sbi_photo_wrap\">\n\t\t<a class=\"sbi_photo\" href=\"https:\/\/www.instagram.com\/p\/DawQYK-lKNS\/\" target=\"_blank\" rel=\"noopener nofollow\"\n\t\t\tdata-full-res=\"https:\/\/instagram.fscl1-1.fna.fbcdn.net\/v\/t51.82787-15\/745314864_18064051004552202_4107334958708724827_n.jpg?stp=dst-jpg_e35_tt6&#038;_nc_cat=102&#038;ccb=7-5&#038;_nc_sid=18de74&#038;efg=eyJlZmdfdGFnIjoiQ0FST1VTRUxfSVRFTS5iZXN0X2ltYWdlX3VybGdlbi5DMyJ9&#038;_nc_ohc=DZjeWZiSnBEQ7kNvwF2028O&#038;_nc_oc=AdoQ9sccmP78q9KZgl_Pph-H81TeDxGH0Uujt6QhVXJJuwQJCn_RpNTgK6P_aP9wuAQ&#038;_nc_zt=23&#038;_nc_ht=instagram.fscl1-1.fna&#038;edm=ANo9K5cEAAAA&#038;_nc_gid=efVR5eut2XuSSqq9QsZw4A&#038;_nc_tpa=Q5bMBQLYYUd9jZXvgEviHfQK1SpM_CRIULxHmkiaFaoUdrjl3br0oNopFC_bjXjbpL2i2Tcy1WBxfbTQ0Q&#038;oh=00_AQJmbvkZj1VKX1DCacffNgIGtMFpSd32WdOIO9fwBCTUQQ&#038;oe=6A9C87B1\"\n\t\t\tdata-img-src-set=\"{&quot;d&quot;:&quot;https:\\\/\\\/instagram.fscl1-1.fna.fbcdn.net\\\/v\\\/t51.82787-15\\\/745314864_18064051004552202_4107334958708724827_n.jpg?stp=dst-jpg_e35_tt6&amp;_nc_cat=102&amp;ccb=7-5&amp;_nc_sid=18de74&amp;efg=eyJlZmdfdGFnIjoiQ0FST1VTRUxfSVRFTS5iZXN0X2ltYWdlX3VybGdlbi5DMyJ9&amp;_nc_ohc=DZjeWZiSnBEQ7kNvwF2028O&amp;_nc_oc=AdoQ9sccmP78q9KZgl_Pph-H81TeDxGH0Uujt6QhVXJJuwQJCn_RpNTgK6P_aP9wuAQ&amp;_nc_zt=23&amp;_nc_ht=instagram.fscl1-1.fna&amp;edm=ANo9K5cEAAAA&amp;_nc_gid=efVR5eut2XuSSqq9QsZw4A&amp;_nc_tpa=Q5bMBQLYYUd9jZXvgEviHfQK1SpM_CRIULxHmkiaFaoUdrjl3br0oNopFC_bjXjbpL2i2Tcy1WBxfbTQ0Q&amp;oh=00_AQJmbvkZj1VKX1DCacffNgIGtMFpSd32WdOIO9fwBCTUQQ&amp;oe=6A9C87B1&quot;,&quot;150&quot;:&quot;https:\\\/\\\/instagram.fscl1-1.fna.fbcdn.net\\\/v\\\/t51.82787-15\\\/745314864_18064051004552202_4107334958708724827_n.jpg?stp=dst-jpg_e35_tt6&amp;_nc_cat=102&amp;ccb=7-5&amp;_nc_sid=18de74&amp;efg=eyJlZmdfdGFnIjoiQ0FST1VTRUxfSVRFTS5iZXN0X2ltYWdlX3VybGdlbi5DMyJ9&amp;_nc_ohc=DZjeWZiSnBEQ7kNvwF2028O&amp;_nc_oc=AdoQ9sccmP78q9KZgl_Pph-H81TeDxGH0Uujt6QhVXJJuwQJCn_RpNTgK6P_aP9wuAQ&amp;_nc_zt=23&amp;_nc_ht=instagram.fscl1-1.fna&amp;edm=ANo9K5cEAAAA&amp;_nc_gid=efVR5eut2XuSSqq9QsZw4A&amp;_nc_tpa=Q5bMBQLYYUd9jZXvgEviHfQK1SpM_CRIULxHmkiaFaoUdrjl3br0oNopFC_bjXjbpL2i2Tcy1WBxfbTQ0Q&amp;oh=00_AQJmbvkZj1VKX1DCacffNgIGtMFpSd32WdOIO9fwBCTUQQ&amp;oe=6A9C87B1&quot;,&quot;320&quot;:&quot;https:\\\/\\\/instagram.fscl1-1.fna.fbcdn.net\\\/v\\\/t51.82787-15\\\/745314864_18064051004552202_4107334958708724827_n.jpg?stp=dst-jpg_e35_tt6&amp;_nc_cat=102&amp;ccb=7-5&amp;_nc_sid=18de74&amp;efg=eyJlZmdfdGFnIjoiQ0FST1VTRUxfSVRFTS5iZXN0X2ltYWdlX3VybGdlbi5DMyJ9&amp;_nc_ohc=DZjeWZiSnBEQ7kNvwF2028O&amp;_nc_oc=AdoQ9sccmP78q9KZgl_Pph-H81TeDxGH0Uujt6QhVXJJuwQJCn_RpNTgK6P_aP9wuAQ&amp;_nc_zt=23&amp;_nc_ht=instagram.fscl1-1.fna&amp;edm=ANo9K5cEAAAA&amp;_nc_gid=efVR5eut2XuSSqq9QsZw4A&amp;_nc_tpa=Q5bMBQLYYUd9jZXvgEviHfQK1SpM_CRIULxHmkiaFaoUdrjl3br0oNopFC_bjXjbpL2i2Tcy1WBxfbTQ0Q&amp;oh=00_AQJmbvkZj1VKX1DCacffNgIGtMFpSd32WdOIO9fwBCTUQQ&amp;oe=6A9C87B1&quot;,&quot;640&quot;:&quot;https:\\\/\\\/instagram.fscl1-1.fna.fbcdn.net\\\/v\\\/t51.82787-15\\\/745314864_18064051004552202_4107334958708724827_n.jpg?stp=dst-jpg_e35_tt6&amp;_nc_cat=102&amp;ccb=7-5&amp;_nc_sid=18de74&amp;efg=eyJlZmdfdGFnIjoiQ0FST1VTRUxfSVRFTS5iZXN0X2ltYWdlX3VybGdlbi5DMyJ9&amp;_nc_ohc=DZjeWZiSnBEQ7kNvwF2028O&amp;_nc_oc=AdoQ9sccmP78q9KZgl_Pph-H81TeDxGH0Uujt6QhVXJJuwQJCn_RpNTgK6P_aP9wuAQ&amp;_nc_zt=23&amp;_nc_ht=instagram.fscl1-1.fna&amp;edm=ANo9K5cEAAAA&amp;_nc_gid=efVR5eut2XuSSqq9QsZw4A&amp;_nc_tpa=Q5bMBQLYYUd9jZXvgEviHfQK1SpM_CRIULxHmkiaFaoUdrjl3br0oNopFC_bjXjbpL2i2Tcy1WBxfbTQ0Q&amp;oh=00_AQJmbvkZj1VKX1DCacffNgIGtMFpSd32WdOIO9fwBCTUQQ&amp;oe=6A9C87B1&quot;}\">\n\t\t\t<span class=\"sbi-screenreader\">\ud83d\udcb5Avanzar en propuestas concretas para la Gobernanz<\/span>\n\t\t\t<svg class=\"svg-inline--fa fa-clone fa-w-16 sbi_lightbox_carousel_icon\" aria-hidden=\"true\" aria-label=\"Clone\" data-fa-pro\u0192cessed=\"\" data-prefix=\"far\" data-icon=\"clone\" role=\"img\" xmlns=\"http:\/\/www.w3.org\/2000\/svg\" viewBox=\"0 0 512 512\">\n                    <path fill=\"currentColor\" d=\"M464 0H144c-26.51 0-48 21.49-48 48v48H48c-26.51 0-48 21.49-48 48v320c0 26.51 21.49 48 48 48h320c26.51 0 48-21.49 48-48v-48h48c26.51 0 48-21.49 48-48V48c0-26.51-21.49-48-48-48zM362 464H54a6 6 0 0 1-6-6V150a6 6 0 0 1 6-6h42v224c0 26.51 21.49 48 48 48h224v42a6 6 0 0 1-6 6zm96-96H150a6 6 0 0 1-6-6V54a6 6 0 0 1 6-6h308a6 6 0 0 1 6 6v308a6 6 0 0 1-6 6z\"><\/path>\n                <\/svg>\t\t\t\t\t\t<img decoding=\"async\" src=\"https:\/\/pilarmoraga.cl\/wp-content\/plugins\/instagram-feed\/img\/placeholder.png\" alt=\"\ud83d\udcb5Avanzar en propuestas concretas para la Gobernanza, sustentabilidad ambiental y financiera es el \u00faltimo eje fundamental de nuestro programa para el Decanato de la Facultad de Derecho 2026-2030.\n\n\ud83d\udcabLa complejidad, falta de claridad y dispersi\u00f3n de algunos procedimientos internos puede generar incertidumbre, duplicidades y demoras, dificultando el trabajo acad\u00e9mico y administrativo. La alta dependencia de fuentes tradicionales de financiamiento limita la capacidad de planificaci\u00f3n e inversi\u00f3n estrat\u00e9gica de largo plazo. A ello se suma la necesidad de contar con informaci\u00f3n financiera clara, accesible y peri\u00f3dica para tomar decisiones fundadas, definir prioridades y desarrollar una estrategia de diversificaci\u00f3n de ingresos compatible con el car\u00e1cter p\u00fablico de la instituci\u00f3n. Debemos avanzar hacia una gesti\u00f3n responsable de sus residuos, una mayor eficiencia en el uso del agua y energ\u00eda.\n\n\u2728En este post destacamos algunas de las propuestas concretas para promover la Gobernanza, sustentabilidad ambiental y financiera que est\u00e1n incluidas en nuestro programa para el Decanato de la Facultad de Derecho 2026-2030.\n\n\ud83d\udc49S\u00famate a esta candidatura y revisa toda la informaci\u00f3n en: https:\/\/pilarmoraga.cl\" aria-hidden=\"true\">\n\t\t<\/a>\n\t<\/div>\n<\/div><div class=\"sbi_item sbi_type_video sbi_new sbi_transition\"\n\tid=\"sbi_17933904786100443\" data-date=\"1783986724\">\n\t<div class=\"sbi_photo_wrap\">\n\t\t<a class=\"sbi_photo\" href=\"https:\/\/www.instagram.com\/reel\/DawI2OtOxpt\/\" target=\"_blank\" rel=\"noopener nofollow\"\n\t\t\tdata-full-res=\"https:\/\/instagram.fscl1-1.fna.fbcdn.net\/v\/t51.82787-15\/746528604_18064044842552202_307638492914558606_n.jpg?stp=dst-jpg_e35_tt6&#038;_nc_cat=110&#038;ccb=7-5&#038;_nc_sid=18de74&#038;efg=eyJlZmdfdGFnIjoiQ0xJUFMuYmVzdF9pbWFnZV91cmxnZW4uQzMifQ%3D%3D&#038;_nc_ohc=u2sRDU6U7twQ7kNvwF-UtG4&#038;_nc_oc=Adq22vVLO8mSpTbFkjGKzDD20creMO1A7u1sX3YFSdzcrhKXfVX3AsmEJHHVUFtcdYA&#038;_nc_zt=23&#038;_nc_ht=instagram.fscl1-1.fna&#038;edm=ANo9K5cEAAAA&#038;_nc_gid=efVR5eut2XuSSqq9QsZw4A&#038;_nc_tpa=Q5bMBQIfT0O_rsLCE0Dr8pwzmWMV7KGVNp_DVsjR8DmlapIVuuWxbNOmLgBLscJdomwqYkjglOP4WhYPyA&#038;oh=00_AQKxACSWtqYWB4sMJ9OqcM2fzKCqo382arifrmY8Al_QDw&#038;oe=6A9C8F7E\"\n\t\t\tdata-img-src-set=\"{&quot;d&quot;:&quot;https:\\\/\\\/instagram.fscl1-1.fna.fbcdn.net\\\/v\\\/t51.82787-15\\\/746528604_18064044842552202_307638492914558606_n.jpg?stp=dst-jpg_e35_tt6&amp;_nc_cat=110&amp;ccb=7-5&amp;_nc_sid=18de74&amp;efg=eyJlZmdfdGFnIjoiQ0xJUFMuYmVzdF9pbWFnZV91cmxnZW4uQzMifQ%3D%3D&amp;_nc_ohc=u2sRDU6U7twQ7kNvwF-UtG4&amp;_nc_oc=Adq22vVLO8mSpTbFkjGKzDD20creMO1A7u1sX3YFSdzcrhKXfVX3AsmEJHHVUFtcdYA&amp;_nc_zt=23&amp;_nc_ht=instagram.fscl1-1.fna&amp;edm=ANo9K5cEAAAA&amp;_nc_gid=efVR5eut2XuSSqq9QsZw4A&amp;_nc_tpa=Q5bMBQIfT0O_rsLCE0Dr8pwzmWMV7KGVNp_DVsjR8DmlapIVuuWxbNOmLgBLscJdomwqYkjglOP4WhYPyA&amp;oh=00_AQKxACSWtqYWB4sMJ9OqcM2fzKCqo382arifrmY8Al_QDw&amp;oe=6A9C8F7E&quot;,&quot;150&quot;:&quot;https:\\\/\\\/instagram.fscl1-1.fna.fbcdn.net\\\/v\\\/t51.82787-15\\\/746528604_18064044842552202_307638492914558606_n.jpg?stp=dst-jpg_e35_tt6&amp;_nc_cat=110&amp;ccb=7-5&amp;_nc_sid=18de74&amp;efg=eyJlZmdfdGFnIjoiQ0xJUFMuYmVzdF9pbWFnZV91cmxnZW4uQzMifQ%3D%3D&amp;_nc_ohc=u2sRDU6U7twQ7kNvwF-UtG4&amp;_nc_oc=Adq22vVLO8mSpTbFkjGKzDD20creMO1A7u1sX3YFSdzcrhKXfVX3AsmEJHHVUFtcdYA&amp;_nc_zt=23&amp;_nc_ht=instagram.fscl1-1.fna&amp;edm=ANo9K5cEAAAA&amp;_nc_gid=efVR5eut2XuSSqq9QsZw4A&amp;_nc_tpa=Q5bMBQIfT0O_rsLCE0Dr8pwzmWMV7KGVNp_DVsjR8DmlapIVuuWxbNOmLgBLscJdomwqYkjglOP4WhYPyA&amp;oh=00_AQKxACSWtqYWB4sMJ9OqcM2fzKCqo382arifrmY8Al_QDw&amp;oe=6A9C8F7E&quot;,&quot;320&quot;:&quot;https:\\\/\\\/instagram.fscl1-1.fna.fbcdn.net\\\/v\\\/t51.82787-15\\\/746528604_18064044842552202_307638492914558606_n.jpg?stp=dst-jpg_e35_tt6&amp;_nc_cat=110&amp;ccb=7-5&amp;_nc_sid=18de74&amp;efg=eyJlZmdfdGFnIjoiQ0xJUFMuYmVzdF9pbWFnZV91cmxnZW4uQzMifQ%3D%3D&amp;_nc_ohc=u2sRDU6U7twQ7kNvwF-UtG4&amp;_nc_oc=Adq22vVLO8mSpTbFkjGKzDD20creMO1A7u1sX3YFSdzcrhKXfVX3AsmEJHHVUFtcdYA&amp;_nc_zt=23&amp;_nc_ht=instagram.fscl1-1.fna&amp;edm=ANo9K5cEAAAA&amp;_nc_gid=efVR5eut2XuSSqq9QsZw4A&amp;_nc_tpa=Q5bMBQIfT0O_rsLCE0Dr8pwzmWMV7KGVNp_DVsjR8DmlapIVuuWxbNOmLgBLscJdomwqYkjglOP4WhYPyA&amp;oh=00_AQKxACSWtqYWB4sMJ9OqcM2fzKCqo382arifrmY8Al_QDw&amp;oe=6A9C8F7E&quot;,&quot;640&quot;:&quot;https:\\\/\\\/instagram.fscl1-1.fna.fbcdn.net\\\/v\\\/t51.82787-15\\\/746528604_18064044842552202_307638492914558606_n.jpg?stp=dst-jpg_e35_tt6&amp;_nc_cat=110&amp;ccb=7-5&amp;_nc_sid=18de74&amp;efg=eyJlZmdfdGFnIjoiQ0xJUFMuYmVzdF9pbWFnZV91cmxnZW4uQzMifQ%3D%3D&amp;_nc_ohc=u2sRDU6U7twQ7kNvwF-UtG4&amp;_nc_oc=Adq22vVLO8mSpTbFkjGKzDD20creMO1A7u1sX3YFSdzcrhKXfVX3AsmEJHHVUFtcdYA&amp;_nc_zt=23&amp;_nc_ht=instagram.fscl1-1.fna&amp;edm=ANo9K5cEAAAA&amp;_nc_gid=efVR5eut2XuSSqq9QsZw4A&amp;_nc_tpa=Q5bMBQIfT0O_rsLCE0Dr8pwzmWMV7KGVNp_DVsjR8DmlapIVuuWxbNOmLgBLscJdomwqYkjglOP4WhYPyA&amp;oh=00_AQKxACSWtqYWB4sMJ9OqcM2fzKCqo382arifrmY8Al_QDw&amp;oe=6A9C8F7E&quot;}\">\n\t\t\t<span class=\"sbi-screenreader\">\ud83c\udf0dEste mes de julio, Santiago fue sede de una nueva<\/span>\n\t\t\t\t\t\t<svg style=\"color: rgba(255,255,255,1)\" class=\"svg-inline--fa fa-play fa-w-14 sbi_playbtn\" aria-label=\"Play\" aria-hidden=\"true\" data-fa-processed=\"\" data-prefix=\"fa\" data-icon=\"play\" role=\"presentation\" xmlns=\"http:\/\/www.w3.org\/2000\/svg\" viewBox=\"0 0 448 512\"><path fill=\"currentColor\" d=\"M424.4 214.7L72.4 6.6C43.8-10.3 0 6.1 0 47.9V464c0 37.5 40.7 60.1 72.4 41.3l352-208c31.4-18.5 31.5-64.1 0-82.6z\"><\/path><\/svg>\t\t\t<img decoding=\"async\" src=\"https:\/\/pilarmoraga.cl\/wp-content\/plugins\/instagram-feed\/img\/placeholder.png\" alt=\"\ud83c\udf0dEste mes de julio, Santiago fue sede de una nueva edici\u00f3n del entrenamiento de The Climate Reality Project, la organizaci\u00f3n fundada por Al Gore, exvicepresidente de Estados Unidos y Premio Nobel de la Paz. La instancia contempl\u00f3 tres d\u00edas de julio con varias actividades, donde el propio Al Gore encabez\u00f3 una charla magistral junto a especialistas internacionales de distintas disciplinas vinculadas al medioambiente y la acci\u00f3n clim\u00e1tica.\n\n\ud83c\udf33Se trat\u00f3 de una capacitaci\u00f3n intensiva, gratuita y abierta a mayores de 18 a\u00f1os, donde el foco principal estuvo puesto en el rol estrat\u00e9gico de Chile en la transici\u00f3n energ\u00e9tica global, y la necesidad de avanzar a que esta transici\u00f3n sea justa.\n\n\ud83d\udcfbMirna Schindler, de Radio Usach, convers\u00f3 con Pilar Moraga, quien particip\u00f3 en un panel de conversaci\u00f3n del evento.\n\n\ud83d\udc49Revisa la entrevista completa en https:\/\/www.youtube.com\/watch?v=5eL-fm4hA8s\" aria-hidden=\"true\">\n\t\t<\/a>\n\t<\/div>\n<\/div><div class=\"sbi_item sbi_type_video sbi_new sbi_transition\"\n\tid=\"sbi_18382012924206829\" data-date=\"1783985617\">\n\t<div class=\"sbi_photo_wrap\">\n\t\t<a class=\"sbi_photo\" href=\"https:\/\/www.instagram.com\/reel\/DawGsrAsW6S\/\" target=\"_blank\" rel=\"noopener nofollow\"\n\t\t\tdata-full-res=\"https:\/\/instagram.fscl1-1.fna.fbcdn.net\/v\/t51.82787-15\/747548801_18064042385552202_726523068752453030_n.jpg?stp=dst-jpg_e35_tt6&#038;_nc_cat=111&#038;ccb=7-5&#038;_nc_sid=18de74&#038;efg=eyJlZmdfdGFnIjoiQ0xJUFMuYmVzdF9pbWFnZV91cmxnZW4uQzMifQ%3D%3D&#038;_nc_ohc=LKVHg7xdDNMQ7kNvwEkgRuk&#038;_nc_oc=AdqrJR9VWqBfTTqJb-50lZZUlv6uhkLteQu34Yc4yRsbaaXOq4Yo7xdjlGA36Xi9fmk&#038;_nc_zt=23&#038;_nc_ht=instagram.fscl1-1.fna&#038;edm=ANo9K5cEAAAA&#038;_nc_gid=efVR5eut2XuSSqq9QsZw4A&#038;_nc_tpa=Q5bMBQLmPDD02Uz3kdhLB3R8lG9QuqzZRSR15Bu1OpCs3hXiVAYOmydZH5Sb6Ild_T3B2Q5P4X2fFNJlvw&#038;oh=00_AQLXbTnEC6To6jmQI3KOLgh8D7NHu-GDlTdD4kqe8lc-LQ&#038;oe=6A9C9880\"\n\t\t\tdata-img-src-set=\"{&quot;d&quot;:&quot;https:\\\/\\\/instagram.fscl1-1.fna.fbcdn.net\\\/v\\\/t51.82787-15\\\/747548801_18064042385552202_726523068752453030_n.jpg?stp=dst-jpg_e35_tt6&amp;_nc_cat=111&amp;ccb=7-5&amp;_nc_sid=18de74&amp;efg=eyJlZmdfdGFnIjoiQ0xJUFMuYmVzdF9pbWFnZV91cmxnZW4uQzMifQ%3D%3D&amp;_nc_ohc=LKVHg7xdDNMQ7kNvwEkgRuk&amp;_nc_oc=AdqrJR9VWqBfTTqJb-50lZZUlv6uhkLteQu34Yc4yRsbaaXOq4Yo7xdjlGA36Xi9fmk&amp;_nc_zt=23&amp;_nc_ht=instagram.fscl1-1.fna&amp;edm=ANo9K5cEAAAA&amp;_nc_gid=efVR5eut2XuSSqq9QsZw4A&amp;_nc_tpa=Q5bMBQLmPDD02Uz3kdhLB3R8lG9QuqzZRSR15Bu1OpCs3hXiVAYOmydZH5Sb6Ild_T3B2Q5P4X2fFNJlvw&amp;oh=00_AQLXbTnEC6To6jmQI3KOLgh8D7NHu-GDlTdD4kqe8lc-LQ&amp;oe=6A9C9880&quot;,&quot;150&quot;:&quot;https:\\\/\\\/instagram.fscl1-1.fna.fbcdn.net\\\/v\\\/t51.82787-15\\\/747548801_18064042385552202_726523068752453030_n.jpg?stp=dst-jpg_e35_tt6&amp;_nc_cat=111&amp;ccb=7-5&amp;_nc_sid=18de74&amp;efg=eyJlZmdfdGFnIjoiQ0xJUFMuYmVzdF9pbWFnZV91cmxnZW4uQzMifQ%3D%3D&amp;_nc_ohc=LKVHg7xdDNMQ7kNvwEkgRuk&amp;_nc_oc=AdqrJR9VWqBfTTqJb-50lZZUlv6uhkLteQu34Yc4yRsbaaXOq4Yo7xdjlGA36Xi9fmk&amp;_nc_zt=23&amp;_nc_ht=instagram.fscl1-1.fna&amp;edm=ANo9K5cEAAAA&amp;_nc_gid=efVR5eut2XuSSqq9QsZw4A&amp;_nc_tpa=Q5bMBQLmPDD02Uz3kdhLB3R8lG9QuqzZRSR15Bu1OpCs3hXiVAYOmydZH5Sb6Ild_T3B2Q5P4X2fFNJlvw&amp;oh=00_AQLXbTnEC6To6jmQI3KOLgh8D7NHu-GDlTdD4kqe8lc-LQ&amp;oe=6A9C9880&quot;,&quot;320&quot;:&quot;https:\\\/\\\/instagram.fscl1-1.fna.fbcdn.net\\\/v\\\/t51.82787-15\\\/747548801_18064042385552202_726523068752453030_n.jpg?stp=dst-jpg_e35_tt6&amp;_nc_cat=111&amp;ccb=7-5&amp;_nc_sid=18de74&amp;efg=eyJlZmdfdGFnIjoiQ0xJUFMuYmVzdF9pbWFnZV91cmxnZW4uQzMifQ%3D%3D&amp;_nc_ohc=LKVHg7xdDNMQ7kNvwEkgRuk&amp;_nc_oc=AdqrJR9VWqBfTTqJb-50lZZUlv6uhkLteQu34Yc4yRsbaaXOq4Yo7xdjlGA36Xi9fmk&amp;_nc_zt=23&amp;_nc_ht=instagram.fscl1-1.fna&amp;edm=ANo9K5cEAAAA&amp;_nc_gid=efVR5eut2XuSSqq9QsZw4A&amp;_nc_tpa=Q5bMBQLmPDD02Uz3kdhLB3R8lG9QuqzZRSR15Bu1OpCs3hXiVAYOmydZH5Sb6Ild_T3B2Q5P4X2fFNJlvw&amp;oh=00_AQLXbTnEC6To6jmQI3KOLgh8D7NHu-GDlTdD4kqe8lc-LQ&amp;oe=6A9C9880&quot;,&quot;640&quot;:&quot;https:\\\/\\\/instagram.fscl1-1.fna.fbcdn.net\\\/v\\\/t51.82787-15\\\/747548801_18064042385552202_726523068752453030_n.jpg?stp=dst-jpg_e35_tt6&amp;_nc_cat=111&amp;ccb=7-5&amp;_nc_sid=18de74&amp;efg=eyJlZmdfdGFnIjoiQ0xJUFMuYmVzdF9pbWFnZV91cmxnZW4uQzMifQ%3D%3D&amp;_nc_ohc=LKVHg7xdDNMQ7kNvwEkgRuk&amp;_nc_oc=AdqrJR9VWqBfTTqJb-50lZZUlv6uhkLteQu34Yc4yRsbaaXOq4Yo7xdjlGA36Xi9fmk&amp;_nc_zt=23&amp;_nc_ht=instagram.fscl1-1.fna&amp;edm=ANo9K5cEAAAA&amp;_nc_gid=efVR5eut2XuSSqq9QsZw4A&amp;_nc_tpa=Q5bMBQLmPDD02Uz3kdhLB3R8lG9QuqzZRSR15Bu1OpCs3hXiVAYOmydZH5Sb6Ild_T3B2Q5P4X2fFNJlvw&amp;oh=00_AQLXbTnEC6To6jmQI3KOLgh8D7NHu-GDlTdD4kqe8lc-LQ&amp;oe=6A9C9880&quot;}\">\n\t\t\t<span class=\"sbi-screenreader\">\ud83d\ude4c Es un gran honor que mi candidatura cuente con e<\/span>\n\t\t\t\t\t\t<svg style=\"color: rgba(255,255,255,1)\" class=\"svg-inline--fa fa-play fa-w-14 sbi_playbtn\" aria-label=\"Play\" aria-hidden=\"true\" data-fa-processed=\"\" data-prefix=\"fa\" data-icon=\"play\" role=\"presentation\" xmlns=\"http:\/\/www.w3.org\/2000\/svg\" viewBox=\"0 0 448 512\"><path fill=\"currentColor\" d=\"M424.4 214.7L72.4 6.6C43.8-10.3 0 6.1 0 47.9V464c0 37.5 40.7 60.1 72.4 41.3l352-208c31.4-18.5 31.5-64.1 0-82.6z\"><\/path><\/svg>\t\t\t<img decoding=\"async\" src=\"https:\/\/pilarmoraga.cl\/wp-content\/plugins\/instagram-feed\/img\/placeholder.png\" alt=\"\ud83d\ude4c Es un gran honor que mi candidatura cuente con el apoyo de Danielle Zaror Miralles, Subdirectora del Centro de Estudios en Derecho, Tecnolog\u00eda y Sociedad (CE3) de la Universidad de Chile.\n\n\ud83d\udcd6 Danielle es Magi\u0301ster en Derecho Econo\u0301mico y Danieoctora en Derecho de la Universidad de Chile. Especialista en legislacio\u0301n racional, Universidad de Girona.\n\n\u2728Sus l\u00edneas de investigaci\u00f3n est\u00e1n relacionadas con el derecho a la privacidad, el derecho a la protecci\u00f3n de datos personales, principios \u00e9ticos de la inteligencia artificial, gobierno digital, regulaci\u00f3n, formaci\u00f3n de la ley y m\u00e9todos emp\u00edricos cualitativos, cuestiones sobre las que escribe, publica y comparte en seminarios nacionales e internacionales\n\n\u2696\ufe0f Tener su apoyo reafirma lo responsable y confiable que es mi propuesta para el Decanato 2026-2030.\" aria-hidden=\"true\">\n\t\t<\/a>\n\t<\/div>\n<\/div><div class=\"sbi_item sbi_type_carousel sbi_new sbi_transition\"\n\tid=\"sbi_18079876193657058\" data-date=\"1783891847\">\n\t<div class=\"sbi_photo_wrap\">\n\t\t<a class=\"sbi_photo\" href=\"https:\/\/www.instagram.com\/p\/DatT6milNaX\/\" target=\"_blank\" rel=\"noopener nofollow\"\n\t\t\tdata-full-res=\"https:\/\/instagram.fscl1-1.fna.fbcdn.net\/v\/t51.82787-15\/746919857_18063878636552202_1134214841582457858_n.jpg?stp=dst-jpg_e35_tt6&#038;_nc_cat=111&#038;ccb=7-5&#038;_nc_sid=18de74&#038;efg=eyJlZmdfdGFnIjoiQ0FST1VTRUxfSVRFTS5iZXN0X2ltYWdlX3VybGdlbi5DMyJ9&#038;_nc_ohc=p5U_rXmL21sQ7kNvwEHXcme&#038;_nc_oc=AdoiZ-COp4SIQd3i-kRChIdwGeXHETN4VCtwVio8G5r544iYdr3FupY9sp2OtHL4tUw&#038;_nc_zt=23&#038;_nc_ht=instagram.fscl1-1.fna&#038;edm=ANo9K5cEAAAA&#038;_nc_gid=efVR5eut2XuSSqq9QsZw4A&#038;_nc_tpa=Q5bMBQIhDLCM6WeXxxW1iv749tPtjxLHfejCZeB3MLrQ7GMaaqMRN6yYyjV6qTqCPIpColYa8-PNVa4zJA&#038;oh=00_AQJrD2u8VfmqXY5t-JZC0SkhYiK6A6AETQ8_BoJfYiDd4w&#038;oe=6A9CA7A1\"\n\t\t\tdata-img-src-set=\"{&quot;d&quot;:&quot;https:\\\/\\\/instagram.fscl1-1.fna.fbcdn.net\\\/v\\\/t51.82787-15\\\/746919857_18063878636552202_1134214841582457858_n.jpg?stp=dst-jpg_e35_tt6&amp;_nc_cat=111&amp;ccb=7-5&amp;_nc_sid=18de74&amp;efg=eyJlZmdfdGFnIjoiQ0FST1VTRUxfSVRFTS5iZXN0X2ltYWdlX3VybGdlbi5DMyJ9&amp;_nc_ohc=p5U_rXmL21sQ7kNvwEHXcme&amp;_nc_oc=AdoiZ-COp4SIQd3i-kRChIdwGeXHETN4VCtwVio8G5r544iYdr3FupY9sp2OtHL4tUw&amp;_nc_zt=23&amp;_nc_ht=instagram.fscl1-1.fna&amp;edm=ANo9K5cEAAAA&amp;_nc_gid=efVR5eut2XuSSqq9QsZw4A&amp;_nc_tpa=Q5bMBQIhDLCM6WeXxxW1iv749tPtjxLHfejCZeB3MLrQ7GMaaqMRN6yYyjV6qTqCPIpColYa8-PNVa4zJA&amp;oh=00_AQJrD2u8VfmqXY5t-JZC0SkhYiK6A6AETQ8_BoJfYiDd4w&amp;oe=6A9CA7A1&quot;,&quot;150&quot;:&quot;https:\\\/\\\/instagram.fscl1-1.fna.fbcdn.net\\\/v\\\/t51.82787-15\\\/746919857_18063878636552202_1134214841582457858_n.jpg?stp=dst-jpg_e35_tt6&amp;_nc_cat=111&amp;ccb=7-5&amp;_nc_sid=18de74&amp;efg=eyJlZmdfdGFnIjoiQ0FST1VTRUxfSVRFTS5iZXN0X2ltYWdlX3VybGdlbi5DMyJ9&amp;_nc_ohc=p5U_rXmL21sQ7kNvwEHXcme&amp;_nc_oc=AdoiZ-COp4SIQd3i-kRChIdwGeXHETN4VCtwVio8G5r544iYdr3FupY9sp2OtHL4tUw&amp;_nc_zt=23&amp;_nc_ht=instagram.fscl1-1.fna&amp;edm=ANo9K5cEAAAA&amp;_nc_gid=efVR5eut2XuSSqq9QsZw4A&amp;_nc_tpa=Q5bMBQIhDLCM6WeXxxW1iv749tPtjxLHfejCZeB3MLrQ7GMaaqMRN6yYyjV6qTqCPIpColYa8-PNVa4zJA&amp;oh=00_AQJrD2u8VfmqXY5t-JZC0SkhYiK6A6AETQ8_BoJfYiDd4w&amp;oe=6A9CA7A1&quot;,&quot;320&quot;:&quot;https:\\\/\\\/instagram.fscl1-1.fna.fbcdn.net\\\/v\\\/t51.82787-15\\\/746919857_18063878636552202_1134214841582457858_n.jpg?stp=dst-jpg_e35_tt6&amp;_nc_cat=111&amp;ccb=7-5&amp;_nc_sid=18de74&amp;efg=eyJlZmdfdGFnIjoiQ0FST1VTRUxfSVRFTS5iZXN0X2ltYWdlX3VybGdlbi5DMyJ9&amp;_nc_ohc=p5U_rXmL21sQ7kNvwEHXcme&amp;_nc_oc=AdoiZ-COp4SIQd3i-kRChIdwGeXHETN4VCtwVio8G5r544iYdr3FupY9sp2OtHL4tUw&amp;_nc_zt=23&amp;_nc_ht=instagram.fscl1-1.fna&amp;edm=ANo9K5cEAAAA&amp;_nc_gid=efVR5eut2XuSSqq9QsZw4A&amp;_nc_tpa=Q5bMBQIhDLCM6WeXxxW1iv749tPtjxLHfejCZeB3MLrQ7GMaaqMRN6yYyjV6qTqCPIpColYa8-PNVa4zJA&amp;oh=00_AQJrD2u8VfmqXY5t-JZC0SkhYiK6A6AETQ8_BoJfYiDd4w&amp;oe=6A9CA7A1&quot;,&quot;640&quot;:&quot;https:\\\/\\\/instagram.fscl1-1.fna.fbcdn.net\\\/v\\\/t51.82787-15\\\/746919857_18063878636552202_1134214841582457858_n.jpg?stp=dst-jpg_e35_tt6&amp;_nc_cat=111&amp;ccb=7-5&amp;_nc_sid=18de74&amp;efg=eyJlZmdfdGFnIjoiQ0FST1VTRUxfSVRFTS5iZXN0X2ltYWdlX3VybGdlbi5DMyJ9&amp;_nc_ohc=p5U_rXmL21sQ7kNvwEHXcme&amp;_nc_oc=AdoiZ-COp4SIQd3i-kRChIdwGeXHETN4VCtwVio8G5r544iYdr3FupY9sp2OtHL4tUw&amp;_nc_zt=23&amp;_nc_ht=instagram.fscl1-1.fna&amp;edm=ANo9K5cEAAAA&amp;_nc_gid=efVR5eut2XuSSqq9QsZw4A&amp;_nc_tpa=Q5bMBQIhDLCM6WeXxxW1iv749tPtjxLHfejCZeB3MLrQ7GMaaqMRN6yYyjV6qTqCPIpColYa8-PNVa4zJA&amp;oh=00_AQJrD2u8VfmqXY5t-JZC0SkhYiK6A6AETQ8_BoJfYiDd4w&amp;oe=6A9CA7A1&quot;}\">\n\t\t\t<span class=\"sbi-screenreader\">\ud83d\udcdaAvanzar en propuestas concretas para la #Investig<\/span>\n\t\t\t<svg class=\"svg-inline--fa fa-clone fa-w-16 sbi_lightbox_carousel_icon\" aria-hidden=\"true\" aria-label=\"Clone\" data-fa-pro\u0192cessed=\"\" data-prefix=\"far\" data-icon=\"clone\" role=\"img\" xmlns=\"http:\/\/www.w3.org\/2000\/svg\" viewBox=\"0 0 512 512\">\n                    <path fill=\"currentColor\" d=\"M464 0H144c-26.51 0-48 21.49-48 48v48H48c-26.51 0-48 21.49-48 48v320c0 26.51 21.49 48 48 48h320c26.51 0 48-21.49 48-48v-48h48c26.51 0 48-21.49 48-48V48c0-26.51-21.49-48-48-48zM362 464H54a6 6 0 0 1-6-6V150a6 6 0 0 1 6-6h42v224c0 26.51 21.49 48 48 48h224v42a6 6 0 0 1-6 6zm96-96H150a6 6 0 0 1-6-6V54a6 6 0 0 1 6-6h308a6 6 0 0 1 6 6v308a6 6 0 0 1-6 6z\"><\/path>\n                <\/svg>\t\t\t\t\t\t<img decoding=\"async\" src=\"https:\/\/pilarmoraga.cl\/wp-content\/plugins\/instagram-feed\/img\/placeholder.png\" alt=\"\ud83d\udcdaAvanzar en propuestas concretas para la #Investigaci\u00f3n es otro eje fundamental en nuestro programa para el Decanato de la Facultad de Derecho 2026-2030.\n\n\ud83d\udcdcLa Facultad cuenta con investigadoras e investigadores de excelencia, revistas jur\u00eddicas reconocidas, proyectos concursables y una producci\u00f3n acad\u00e9mica relevante. Sin embargo, para consolidar un liderazgo nacional y regional se requiere mayor apoyo institucional, m\u00e1s cooperaci\u00f3n entre unidades acad\u00e9micas y mejores herramientas para postular, gestionar y proyectar la investigaci\u00f3n.\n\n\u2728En este post destacamos las propuestas concretas para promover la #Investigaci\u00f3n y que est\u00e1n incluidas en nuestro programa para el Decanato de la Facultad de Derecho 2026-2030.\n\n\ud83d\udc49S\u00famate a esta candidatura y revisa toda la informaci\u00f3n en: https:\/\/pilarmoraga.cl\n\n#PilarMoragaDecana #FacultadDerechoUchile\" aria-hidden=\"true\">\n\t\t<\/a>\n\t<\/div>\n<\/div><div class=\"sbi_item sbi_type_carousel sbi_new sbi_transition\"\n\tid=\"sbi_18118688713738785\" data-date=\"1783805645\">\n\t<div class=\"sbi_photo_wrap\">\n\t\t<a class=\"sbi_photo\" href=\"https:\/\/www.instagram.com\/p\/Daqvf2IFEfm\/\" target=\"_blank\" rel=\"noopener nofollow\"\n\t\t\tdata-full-res=\"https:\/\/instagram.fscl1-1.fna.fbcdn.net\/v\/t51.82787-15\/745359128_18063726860552202_3822832707774533668_n.jpg?stp=dst-jpg_e35_tt6&#038;_nc_cat=107&#038;ccb=7-5&#038;_nc_sid=18de74&#038;efg=eyJlZmdfdGFnIjoiQ0FST1VTRUxfSVRFTS5iZXN0X2ltYWdlX3VybGdlbi5DMyJ9&#038;_nc_ohc=L89SGqNwrhQQ7kNvwEERbI_&#038;_nc_oc=AdqeA8zU7DtouiGtMdbkQnqWcraiJFG3KZl2tXOuoGXNzEMf0lKmOD_ssl2GXxKp3cY&#038;_nc_zt=23&#038;_nc_ht=instagram.fscl1-1.fna&#038;edm=ANo9K5cEAAAA&#038;_nc_gid=efVR5eut2XuSSqq9QsZw4A&#038;_nc_tpa=Q5bMBQLa-GNJ3fiO2x1fb7f6YCvTRvwfGGAc7dNasBGn562N0kEgXelZcuUnBBiyBaYrnyfUg9IRfVvAfQ&#038;oh=00_AQI3aylwOYv-6EEGkxo9INwZBBPWBDAY9ZuMMwrN-iZsTw&#038;oe=6A9CB8E1\"\n\t\t\tdata-img-src-set=\"{&quot;d&quot;:&quot;https:\\\/\\\/instagram.fscl1-1.fna.fbcdn.net\\\/v\\\/t51.82787-15\\\/745359128_18063726860552202_3822832707774533668_n.jpg?stp=dst-jpg_e35_tt6&amp;_nc_cat=107&amp;ccb=7-5&amp;_nc_sid=18de74&amp;efg=eyJlZmdfdGFnIjoiQ0FST1VTRUxfSVRFTS5iZXN0X2ltYWdlX3VybGdlbi5DMyJ9&amp;_nc_ohc=L89SGqNwrhQQ7kNvwEERbI_&amp;_nc_oc=AdqeA8zU7DtouiGtMdbkQnqWcraiJFG3KZl2tXOuoGXNzEMf0lKmOD_ssl2GXxKp3cY&amp;_nc_zt=23&amp;_nc_ht=instagram.fscl1-1.fna&amp;edm=ANo9K5cEAAAA&amp;_nc_gid=efVR5eut2XuSSqq9QsZw4A&amp;_nc_tpa=Q5bMBQLa-GNJ3fiO2x1fb7f6YCvTRvwfGGAc7dNasBGn562N0kEgXelZcuUnBBiyBaYrnyfUg9IRfVvAfQ&amp;oh=00_AQI3aylwOYv-6EEGkxo9INwZBBPWBDAY9ZuMMwrN-iZsTw&amp;oe=6A9CB8E1&quot;,&quot;150&quot;:&quot;https:\\\/\\\/instagram.fscl1-1.fna.fbcdn.net\\\/v\\\/t51.82787-15\\\/745359128_18063726860552202_3822832707774533668_n.jpg?stp=dst-jpg_e35_tt6&amp;_nc_cat=107&amp;ccb=7-5&amp;_nc_sid=18de74&amp;efg=eyJlZmdfdGFnIjoiQ0FST1VTRUxfSVRFTS5iZXN0X2ltYWdlX3VybGdlbi5DMyJ9&amp;_nc_ohc=L89SGqNwrhQQ7kNvwEERbI_&amp;_nc_oc=AdqeA8zU7DtouiGtMdbkQnqWcraiJFG3KZl2tXOuoGXNzEMf0lKmOD_ssl2GXxKp3cY&amp;_nc_zt=23&amp;_nc_ht=instagram.fscl1-1.fna&amp;edm=ANo9K5cEAAAA&amp;_nc_gid=efVR5eut2XuSSqq9QsZw4A&amp;_nc_tpa=Q5bMBQLa-GNJ3fiO2x1fb7f6YCvTRvwfGGAc7dNasBGn562N0kEgXelZcuUnBBiyBaYrnyfUg9IRfVvAfQ&amp;oh=00_AQI3aylwOYv-6EEGkxo9INwZBBPWBDAY9ZuMMwrN-iZsTw&amp;oe=6A9CB8E1&quot;,&quot;320&quot;:&quot;https:\\\/\\\/instagram.fscl1-1.fna.fbcdn.net\\\/v\\\/t51.82787-15\\\/745359128_18063726860552202_3822832707774533668_n.jpg?stp=dst-jpg_e35_tt6&amp;_nc_cat=107&amp;ccb=7-5&amp;_nc_sid=18de74&amp;efg=eyJlZmdfdGFnIjoiQ0FST1VTRUxfSVRFTS5iZXN0X2ltYWdlX3VybGdlbi5DMyJ9&amp;_nc_ohc=L89SGqNwrhQQ7kNvwEERbI_&amp;_nc_oc=AdqeA8zU7DtouiGtMdbkQnqWcraiJFG3KZl2tXOuoGXNzEMf0lKmOD_ssl2GXxKp3cY&amp;_nc_zt=23&amp;_nc_ht=instagram.fscl1-1.fna&amp;edm=ANo9K5cEAAAA&amp;_nc_gid=efVR5eut2XuSSqq9QsZw4A&amp;_nc_tpa=Q5bMBQLa-GNJ3fiO2x1fb7f6YCvTRvwfGGAc7dNasBGn562N0kEgXelZcuUnBBiyBaYrnyfUg9IRfVvAfQ&amp;oh=00_AQI3aylwOYv-6EEGkxo9INwZBBPWBDAY9ZuMMwrN-iZsTw&amp;oe=6A9CB8E1&quot;,&quot;640&quot;:&quot;https:\\\/\\\/instagram.fscl1-1.fna.fbcdn.net\\\/v\\\/t51.82787-15\\\/745359128_18063726860552202_3822832707774533668_n.jpg?stp=dst-jpg_e35_tt6&amp;_nc_cat=107&amp;ccb=7-5&amp;_nc_sid=18de74&amp;efg=eyJlZmdfdGFnIjoiQ0FST1VTRUxfSVRFTS5iZXN0X2ltYWdlX3VybGdlbi5DMyJ9&amp;_nc_ohc=L89SGqNwrhQQ7kNvwEERbI_&amp;_nc_oc=AdqeA8zU7DtouiGtMdbkQnqWcraiJFG3KZl2tXOuoGXNzEMf0lKmOD_ssl2GXxKp3cY&amp;_nc_zt=23&amp;_nc_ht=instagram.fscl1-1.fna&amp;edm=ANo9K5cEAAAA&amp;_nc_gid=efVR5eut2XuSSqq9QsZw4A&amp;_nc_tpa=Q5bMBQLa-GNJ3fiO2x1fb7f6YCvTRvwfGGAc7dNasBGn562N0kEgXelZcuUnBBiyBaYrnyfUg9IRfVvAfQ&amp;oh=00_AQI3aylwOYv-6EEGkxo9INwZBBPWBDAY9ZuMMwrN-iZsTw&amp;oe=6A9CB8E1&quot;}\">\n\t\t\t<span class=\"sbi-screenreader\">\u270d Columna de opini\u00f3n | \u00bfQu\u00e9 abogados y abogadas de<\/span>\n\t\t\t<svg class=\"svg-inline--fa fa-clone fa-w-16 sbi_lightbox_carousel_icon\" aria-hidden=\"true\" aria-label=\"Clone\" data-fa-pro\u0192cessed=\"\" data-prefix=\"far\" data-icon=\"clone\" role=\"img\" xmlns=\"http:\/\/www.w3.org\/2000\/svg\" viewBox=\"0 0 512 512\">\n                    <path fill=\"currentColor\" d=\"M464 0H144c-26.51 0-48 21.49-48 48v48H48c-26.51 0-48 21.49-48 48v320c0 26.51 21.49 48 48 48h320c26.51 0 48-21.49 48-48v-48h48c26.51 0 48-21.49 48-48V48c0-26.51-21.49-48-48-48zM362 464H54a6 6 0 0 1-6-6V150a6 6 0 0 1 6-6h42v224c0 26.51 21.49 48 48 48h224v42a6 6 0 0 1-6 6zm96-96H150a6 6 0 0 1-6-6V54a6 6 0 0 1 6-6h308a6 6 0 0 1 6 6v308a6 6 0 0 1-6 6z\"><\/path>\n                <\/svg>\t\t\t\t\t\t<img decoding=\"async\" src=\"https:\/\/pilarmoraga.cl\/wp-content\/plugins\/instagram-feed\/img\/placeholder.png\" alt=\"\u270d Columna de opini\u00f3n | \u00bfQu\u00e9 abogados y abogadas debe formar la universidad frente a los actuales desaf\u00edos de la profesi\u00f3n?\n\n\ud83c\udf93&quot;Los cambios tecnol\u00f3gicos, el aumento progresivo de abogados y abogadas en el mercado laboral, la creciente especializaci\u00f3n, la expansi\u00f3n del mercado de los servicios jur\u00eddicos y las faltas \u00e9ticas que han golpeado a la profesi\u00f3n nos invitan a interrogarnos sobre el rol de las Facultades de Derecho en la formaci\u00f3n de los futuros profesionales.\n\n\u2728Mientras algunos entienden al abogado como un prestador de servicios cuyo deber principal consiste en representar con eficacia los intereses de su cliente, otros sostienen que la abogac\u00eda adem\u00e1s cumple una funci\u00f3n institucional indispensable para la vida democr\u00e1tica. Bajo esta segunda mirada, el abogado no solo defiende intereses particulares, sino que contribuye tambi\u00e9n a la realizaci\u00f3n de la justicia, a la protecci\u00f3n de los derechos de las personas y al fortalecimiento del Estado de Derecho, cualquiera sea el espacio en el que ejerza la profesi\u00f3n: el servicio p\u00fablico, el ejercicio privado, la judicatura, la academia o las organizaciones de la sociedad civil.\n\n\ud83d\ude4cLa diferencia entre ambas concepciones no es meramente te\u00f3rica. Define el tipo de profesional que la universidad aspira a formar.&quot;\n\n\ud83d\udca1Son algunas de las ideas que Pilar comparti\u00f3 en la columna publicada en &quot;El Mercurio Legal&quot;. L\u00e9ela completa en las slides.\" aria-hidden=\"true\">\n\t\t<\/a>\n\t<\/div>\n<\/div><div class=\"sbi_item sbi_type_image sbi_new sbi_transition\"\n\tid=\"sbi_18132243901721871\" data-date=\"1783789796\">\n\t<div class=\"sbi_photo_wrap\">\n\t\t<a class=\"sbi_photo\" href=\"https:\/\/www.instagram.com\/p\/DaqRRFplht0\/\" target=\"_blank\" rel=\"noopener nofollow\"\n\t\t\tdata-full-res=\"https:\/\/instagram.fscl1-1.fna.fbcdn.net\/v\/t51.82787-15\/745862320_18063697928552202_393927238510340834_n.jpg?stp=dst-jpg_e35_tt6&#038;_nc_cat=103&#038;ccb=7-5&#038;_nc_sid=18de74&#038;efg=eyJlZmdfdGFnIjoiRkVFRC5iZXN0X2ltYWdlX3VybGdlbi5DMyJ9&#038;_nc_ohc=DQf7O8Qt5doQ7kNvwHKzkkb&#038;_nc_oc=AdrIpP3VIZE99dWHVToMa3DltIEr7tgC9jgXuse45__OE3_uDokTVcShcRhjSoTMkdU&#038;_nc_zt=23&#038;_nc_ht=instagram.fscl1-1.fna&#038;edm=ANo9K5cEAAAA&#038;_nc_gid=efVR5eut2XuSSqq9QsZw4A&#038;_nc_tpa=Q5bMBQIaSZgaemAIq9VmVhVnqAPP3NUi--DCPws3NUQLUeeVIMjoG8S_u8xw5H3qY3VXwerxLtvI53349w&#038;oh=00_AQL3Hf5U8OxblNZ15n70i7Np6rx16YwtDN3WyyVLK79Hdw&#038;oe=6A9C8CED\"\n\t\t\tdata-img-src-set=\"{&quot;d&quot;:&quot;https:\\\/\\\/instagram.fscl1-1.fna.fbcdn.net\\\/v\\\/t51.82787-15\\\/745862320_18063697928552202_393927238510340834_n.jpg?stp=dst-jpg_e35_tt6&amp;_nc_cat=103&amp;ccb=7-5&amp;_nc_sid=18de74&amp;efg=eyJlZmdfdGFnIjoiRkVFRC5iZXN0X2ltYWdlX3VybGdlbi5DMyJ9&amp;_nc_ohc=DQf7O8Qt5doQ7kNvwHKzkkb&amp;_nc_oc=AdrIpP3VIZE99dWHVToMa3DltIEr7tgC9jgXuse45__OE3_uDokTVcShcRhjSoTMkdU&amp;_nc_zt=23&amp;_nc_ht=instagram.fscl1-1.fna&amp;edm=ANo9K5cEAAAA&amp;_nc_gid=efVR5eut2XuSSqq9QsZw4A&amp;_nc_tpa=Q5bMBQIaSZgaemAIq9VmVhVnqAPP3NUi--DCPws3NUQLUeeVIMjoG8S_u8xw5H3qY3VXwerxLtvI53349w&amp;oh=00_AQL3Hf5U8OxblNZ15n70i7Np6rx16YwtDN3WyyVLK79Hdw&amp;oe=6A9C8CED&quot;,&quot;150&quot;:&quot;https:\\\/\\\/instagram.fscl1-1.fna.fbcdn.net\\\/v\\\/t51.82787-15\\\/745862320_18063697928552202_393927238510340834_n.jpg?stp=dst-jpg_e35_tt6&amp;_nc_cat=103&amp;ccb=7-5&amp;_nc_sid=18de74&amp;efg=eyJlZmdfdGFnIjoiRkVFRC5iZXN0X2ltYWdlX3VybGdlbi5DMyJ9&amp;_nc_ohc=DQf7O8Qt5doQ7kNvwHKzkkb&amp;_nc_oc=AdrIpP3VIZE99dWHVToMa3DltIEr7tgC9jgXuse45__OE3_uDokTVcShcRhjSoTMkdU&amp;_nc_zt=23&amp;_nc_ht=instagram.fscl1-1.fna&amp;edm=ANo9K5cEAAAA&amp;_nc_gid=efVR5eut2XuSSqq9QsZw4A&amp;_nc_tpa=Q5bMBQIaSZgaemAIq9VmVhVnqAPP3NUi--DCPws3NUQLUeeVIMjoG8S_u8xw5H3qY3VXwerxLtvI53349w&amp;oh=00_AQL3Hf5U8OxblNZ15n70i7Np6rx16YwtDN3WyyVLK79Hdw&amp;oe=6A9C8CED&quot;,&quot;320&quot;:&quot;https:\\\/\\\/instagram.fscl1-1.fna.fbcdn.net\\\/v\\\/t51.82787-15\\\/745862320_18063697928552202_393927238510340834_n.jpg?stp=dst-jpg_e35_tt6&amp;_nc_cat=103&amp;ccb=7-5&amp;_nc_sid=18de74&amp;efg=eyJlZmdfdGFnIjoiRkVFRC5iZXN0X2ltYWdlX3VybGdlbi5DMyJ9&amp;_nc_ohc=DQf7O8Qt5doQ7kNvwHKzkkb&amp;_nc_oc=AdrIpP3VIZE99dWHVToMa3DltIEr7tgC9jgXuse45__OE3_uDokTVcShcRhjSoTMkdU&amp;_nc_zt=23&amp;_nc_ht=instagram.fscl1-1.fna&amp;edm=ANo9K5cEAAAA&amp;_nc_gid=efVR5eut2XuSSqq9QsZw4A&amp;_nc_tpa=Q5bMBQIaSZgaemAIq9VmVhVnqAPP3NUi--DCPws3NUQLUeeVIMjoG8S_u8xw5H3qY3VXwerxLtvI53349w&amp;oh=00_AQL3Hf5U8OxblNZ15n70i7Np6rx16YwtDN3WyyVLK79Hdw&amp;oe=6A9C8CED&quot;,&quot;640&quot;:&quot;https:\\\/\\\/instagram.fscl1-1.fna.fbcdn.net\\\/v\\\/t51.82787-15\\\/745862320_18063697928552202_393927238510340834_n.jpg?stp=dst-jpg_e35_tt6&amp;_nc_cat=103&amp;ccb=7-5&amp;_nc_sid=18de74&amp;efg=eyJlZmdfdGFnIjoiRkVFRC5iZXN0X2ltYWdlX3VybGdlbi5DMyJ9&amp;_nc_ohc=DQf7O8Qt5doQ7kNvwHKzkkb&amp;_nc_oc=AdrIpP3VIZE99dWHVToMa3DltIEr7tgC9jgXuse45__OE3_uDokTVcShcRhjSoTMkdU&amp;_nc_zt=23&amp;_nc_ht=instagram.fscl1-1.fna&amp;edm=ANo9K5cEAAAA&amp;_nc_gid=efVR5eut2XuSSqq9QsZw4A&amp;_nc_tpa=Q5bMBQIaSZgaemAIq9VmVhVnqAPP3NUi--DCPws3NUQLUeeVIMjoG8S_u8xw5H3qY3VXwerxLtvI53349w&amp;oh=00_AQL3Hf5U8OxblNZ15n70i7Np6rx16YwtDN3WyyVLK79Hdw&amp;oe=6A9C8CED&quot;}\">\n\t\t\t<span class=\"sbi-screenreader\">\ud83d\ude4c Es un gran honor que mi candidatura cuente con e<\/span>\n\t\t\t\t\t\t\t\t\t<img decoding=\"async\" src=\"https:\/\/pilarmoraga.cl\/wp-content\/plugins\/instagram-feed\/img\/placeholder.png\" alt=\"\ud83d\ude4c Es un gran honor que mi candidatura cuente con el apoyo de Carlos Dettleff, Director Nacional de Fronteras y Limites del Estado (MINREL).\n\n\ud83d\udcd6 Carlos estudi\u00f3 antropolog\u00eda en la Universidad de Concepci\u00f3n y derecho en la Universidad Cat\u00f3lica de Chile, egres\u00f3 de la Academia Diplom\u00e1tica Andr\u00e9s Bello y es Mag\u00edster en Derecho Internacional Econ\u00f3mico por la Universidad de Warwick.\n\n\u2728Sus l\u00edneas de investigaci\u00f3n est\u00e1n relacionadas con la Democracia, Sistema Pol\u00edtico y Estado de Derecho. Tambi\u00e9n trabaj\u00f3 como asesor jur\u00eddico de la Delegaci\u00f3n de la Comisi\u00f3n Europea en Chile y fue abogado en el Comit\u00e9 de Inversi\u00f3n Extranjera.\n\n\u2696\ufe0f Tener su apoyo reafirma lo responsable y confiable que es mi propuesta para el Decanato 2026-2030.\" aria-hidden=\"true\">\n\t\t<\/a>\n\t<\/div>\n<\/div>\t<\/div>\n\n\t<div id=\"sbi_load\" >\n\n\t\t\t<button class=\"sbi_load_btn\"\n\t\t\ttype=\"button\" >\n\t\t\t<span class=\"sbi_btn_text\" >Cargar m\u00e1s<\/span>\n\t\t\t<span class=\"sbi_loader sbi_hidden\" style=\"background-color: rgb(255, 255, 255);\" aria-hidden=\"true\"><\/span>\n\t\t<\/button>\n\t\n\t\t\t<span class=\"sbi_follow_btn sbi_custom\" >\n\t\t\t<a target=\"_blank\"\n\t\t\t\trel=\"nofollow noopener\"  href=\"https:\/\/www.instagram.com\/pilar.moraga.sariego\/\" style=\"background: rgb(64,139,209);\">\n\t\t\t\t<svg class=\"svg-inline--fa fa-instagram fa-w-14\" aria-hidden=\"true\" data-fa-processed=\"\" aria-label=\"Instagram\" data-prefix=\"fab\" data-icon=\"instagram\" role=\"img\" viewBox=\"0 0 448 512\">\n                    <path fill=\"currentColor\" d=\"M224.1 141c-63.6 0-114.9 51.3-114.9 114.9s51.3 114.9 114.9 114.9S339 319.5 339 255.9 287.7 141 224.1 141zm0 189.6c-41.1 0-74.7-33.5-74.7-74.7s33.5-74.7 74.7-74.7 74.7 33.5 74.7 74.7-33.6 74.7-74.7 74.7zm146.4-194.3c0 14.9-12 26.8-26.8 26.8-14.9 0-26.8-12-26.8-26.8s12-26.8 26.8-26.8 26.8 12 26.8 26.8zm76.1 27.2c-1.7-35.9-9.9-67.7-36.2-93.9-26.2-26.2-58-34.4-93.9-36.2-37-2.1-147.9-2.1-184.9 0-35.8 1.7-67.6 9.9-93.9 36.1s-34.4 58-36.2 93.9c-2.1 37-2.1 147.9 0 184.9 1.7 35.9 9.9 67.7 36.2 93.9s58 34.4 93.9 36.2c37 2.1 147.9 2.1 184.9 0 35.9-1.7 67.7-9.9 93.9-36.2 26.2-26.2 34.4-58 36.2-93.9 2.1-37 2.1-147.8 0-184.8zM398.8 388c-7.8 19.6-22.9 34.7-42.6 42.6-29.5 11.7-99.5 9-132.1 9s-102.7 2.6-132.1-9c-19.6-7.8-34.7-22.9-42.6-42.6-11.7-29.5-9-99.5-9-132.1s-2.6-102.7 9-132.1c7.8-19.6 22.9-34.7 42.6-42.6 29.5-11.7 99.5-9 132.1-9s102.7-2.6 132.1 9c19.6 7.8 34.7 22.9 42.6 42.6 11.7 29.5 9 99.5 9 132.1s2.7 102.7-9 132.1z\"><\/path>\n                <\/svg>\t\t\t\t<span>Seguir en Instagram<\/span>\n\t\t\t<\/a>\n\t\t<\/span>\n\t\n<\/div>\n\t\t<span class=\"sbi_resized_image_data\" data-feed-id=\"*1\"\n\t\t  data-resized=\"{&quot;18118688713738785&quot;:{&quot;id&quot;:&quot;745359128_18063726860552202_3822832707774533668_n&quot;,&quot;ratio&quot;:&quot;0.80&quot;,&quot;sizes&quot;:{&quot;full&quot;:640,&quot;low&quot;:320,&quot;thumb&quot;:150},&quot;extension&quot;:&quot;.webp&quot;},&quot;18132243901721871&quot;:{&quot;id&quot;:&quot;745862320_18063697928552202_393927238510340834_n&quot;,&quot;ratio&quot;:&quot;0.80&quot;,&quot;sizes&quot;:{&quot;full&quot;:640,&quot;low&quot;:320,&quot;thumb&quot;:150},&quot;extension&quot;:&quot;.webp&quot;},&quot;18079876193657058&quot;:{&quot;id&quot;:&quot;746919857_18063878636552202_1134214841582457858_n&quot;,&quot;ratio&quot;:&quot;0.80&quot;,&quot;sizes&quot;:{&quot;full&quot;:640,&quot;low&quot;:320,&quot;thumb&quot;:150},&quot;extension&quot;:&quot;.webp&quot;},&quot;17982103122030228&quot;:{&quot;id&quot;:&quot;745314864_18064051004552202_4107334958708724827_n&quot;,&quot;ratio&quot;:&quot;0.80&quot;,&quot;sizes&quot;:{&quot;full&quot;:640,&quot;low&quot;:320,&quot;thumb&quot;:150},&quot;extension&quot;:&quot;.webp&quot;},&quot;17933904786100443&quot;:{&quot;id&quot;:&quot;746528604_18064044842552202_307638492914558606_n&quot;,&quot;ratio&quot;:&quot;0.80&quot;,&quot;sizes&quot;:{&quot;full&quot;:640,&quot;low&quot;:320,&quot;thumb&quot;:150},&quot;extension&quot;:&quot;.webp&quot;},&quot;18382012924206829&quot;:{&quot;id&quot;:&quot;747548801_18064042385552202_726523068752453030_n&quot;,&quot;ratio&quot;:&quot;0.56&quot;,&quot;sizes&quot;:{&quot;full&quot;:640,&quot;low&quot;:320,&quot;thumb&quot;:150},&quot;extension&quot;:&quot;.webp&quot;},&quot;18113020294903865&quot;:{&quot;id&quot;:&quot;746429358_18064306589552202_5670815908301107797_n&quot;,&quot;ratio&quot;:&quot;0.80&quot;,&quot;sizes&quot;:{&quot;full&quot;:640,&quot;low&quot;:320,&quot;thumb&quot;:150},&quot;extension&quot;:&quot;.webp&quot;},&quot;17951191482014430&quot;:{&quot;id&quot;:&quot;755246974_18065695919552202_6928725082823739606_n&quot;,&quot;ratio&quot;:&quot;0.80&quot;,&quot;sizes&quot;:{&quot;full&quot;:640,&quot;low&quot;:320,&quot;thumb&quot;:150},&quot;extension&quot;:&quot;.webp&quot;}}\">\n\t<\/span>\n\t<\/div>\n\n<\/p>\t\t\t\t\t\t\t\t<\/div>\n\t\t\t\t<\/div>\n\t\t\t\t\t<\/div>\n\t\t\t\t<\/div>\n\t\t\t\t<\/div>\n\t\t","protected":false},"excerpt":{"rendered":"<p>Candidatura al DecanatoFacultad de Derecho \u2013 Universidad de Chile Prof. Titular Pilar Moraga Sariego Descargue la Propuesta Program\u00e1tica Candidatura al DecanatoFacultad de Derecho \u2013 Universidad de Chile Prof. Titular Pilar Moraga Sariego Propuesta Program\u00e1tica La Facultad de Derecho de la Universidad de Chile ha desempe\u00f1ado hist\u00f3ricamente un papel central en el desarrollo institucional, jur\u00eddico y democr\u00e1tico del pa\u00eds. Su trayectoria se encuentra estrechamente vinculada a la formaci\u00f3n de juristas que han contribuido a la construcci\u00f3n del Estado de Derecho y al fortalecimiento de las instituciones p\u00fablicas, tanto a nivel nacional como internacional. Esta tradici\u00f3n no se limita a la transmisi\u00f3n de conocimientos t\u00e9cnicos, sino que se expresa en una vocaci\u00f3n p\u00fablica orientada a la formaci\u00f3n \u00e9tica de los profesionales del derecho, a la producci\u00f3n de conocimiento jur\u00eddico cr\u00edtico y a la participaci\u00f3n activa en los debates que configuran la vida institucional del pa\u00eds. En el contexto actual, marcado por profundas transformaciones sociales, tecnol\u00f3gicas, econ\u00f3micas y pol\u00edticas \u2014entre ellas la aceleraci\u00f3n tecnol\u00f3gica, la crisis clim\u00e1tica y ecol\u00f3gica, la reconfiguraci\u00f3n de las relaciones entre Estado, mercado y ciudadan\u00eda, y los desaf\u00edos que enfrentan las democracias contempor\u00e1neas, en un marco de conflicto internacional \u2014 la Facultad de Derecho de la Universidad de Chile est\u00e1 llamada no solo a adaptarse a dichos cambios, sino tambi\u00e9n ejercer un liderazgo intelectual en su interpretaci\u00f3n y en la elaboraci\u00f3n de respuestas jur\u00eddicas frente a ellas. Aquello exige articular saberes, promover el di\u00e1logo entre distintas tradiciones jur\u00eddicas, integrar perspectivas interdisciplinarias y situar el conocimiento jur\u00eddico al servicio de la deliberaci\u00f3n democr\u00e1tica y del inter\u00e9s p\u00fablico. La presente propuesta se funda en la convicci\u00f3n de que la direcci\u00f3n acad\u00e9mica no se impone por la v\u00eda de la autoridad formal, ni por el solo cumplimiento de indicadores de desempe\u00f1o. Gobernar la Facultad implica, ante todo, crear condiciones estables y justas para que la docencia, la investigaci\u00f3n y la vinculaci\u00f3n con el medio se desarrollen en un marco de cooperaci\u00f3n interna, rigor acad\u00e9mico e impacto p\u00fablico. El objetivo es proyectar a la Facultad de Derecho de la Universidad de Chile como un referente intelectual a nivel nacional e internacional, respetuoso del pensamiento plural, enriquecido por la diversidad de un claustro compuesto por diversas vocaciones acad\u00e9micas y profesionales. Esta proyecci\u00f3n no se concibe como un fin en s\u00ed mismo, ni como un ejercicio de posicionamiento simb\u00f3lico, sino como una expresi\u00f3n concreta del car\u00e1cter p\u00fablico de la Facultad y de su compromiso con la calidad de la democracia y el Estado de Derecho. Candidata a Decana 2026-2030 Pilar Moraga Sariego Profesora Titular de la Universidad de ChileAbogada de la Universidad de ChileM\u00e1ster en Derecho Internacional y Comunitario, Universidad de LilleDoctora en derecho p\u00fablico, Universidad de Lille Actualmente soy directora del Centro de Derecho Ambiental de la Facultad de Derecho de la U. de Chile (CDA). Tambi\u00e9n he ocupado los cargos de Directora de la Escuela de Pregrado y de Postgrado, Consejera de Facultad electa y miembro de la Comisi\u00f3n Superior de Calificaci\u00f3n de la Universidad de Chile. En materia de investigaci\u00f3n he dirigido proyectos de redes internacionales con financiamiento ANID (Redes, AMSUD), ocup\u00e9 el cargo de directora del Centro de Ciencia del Clima y la Resiliencia CR2 (centro de excelencia FONDAP) y fui investigadora asociada del Centro de Energ\u00eda Solar SERC-Chile. Tambi\u00e9n he liderado investigaciones mediante proyectos Fondecyt de iniciaci\u00f3n y regular. Vea m\u00e1s sobre mi trayectoria He realizado diversas publicaciones en el \u00e1rea del derecho ambiental y cambio clim\u00e1tico, y particip\u00e9 en la asesor\u00eda legislativa en la tramitaci\u00f3n de la Ley de Cambio Clim\u00e1tico y form\u00e9 parte de la delegaci\u00f3n de Chile en la conferencia de las partes de la Convenci\u00f3n Marco de Naciones Unidas para el Cambio Clim\u00e1tico y del Acuerdo de Par\u00eds, realizada anualmente. He dirigido numerosos estudios para organismos internacionales como el Banco Mundial, FAO, Cepal, Parlamericas, Euroclima, Banco Interamericano de Desarrollo y nacionales: Ministerio del Medio Ambiente, Ministerio de Energ\u00eda, Contraloria General de la Rep\u00fablica, entre otros. \u00a0 He realizado diversas publicaciones en el \u00e1rea del derecho ambiental y cambio clim\u00e1tico, y particip\u00e9 en la asesor\u00eda legislativa en la tramitaci\u00f3n de la Ley de Cambio Clim\u00e1tico y form\u00e9 parte de la delegaci\u00f3n de Chile en la conferencia de las partes de la Convenci\u00f3n Marco de Naciones Unidas para el Cambio Clim\u00e1tico y del Acuerdo de Par\u00eds, realizada anualmente. He dirigido numerosos estudios para organismos internacionales como el Banco Mundial, FAO, Cepal, Parlamericas, Euroclima, Banco Interamericano de Desarrollo y nacionales: Ministerio del Medio Ambiente, Ministerio de Energ\u00eda, Contraloria General de la Rep\u00fablica, entre otros. \u00a0 La construcci\u00f3n de este proyecto institucional requiere el compromiso conjunto de acad\u00e9micas y acad\u00e9micos, estudiantes y funcionarios que permita proyectar a la Facultad en el escenario nacional e internacional, preservando su car\u00e1cter p\u00fablico y su vocaci\u00f3n de servicio al pa\u00eds. Propuesta program\u00e1tica Descargue las Propuestas para el Claustro Acad\u00e9mico Descargue las Propuestas para el Pregrado Descargue las Propuestas para el Postgrado Descargue las Propuestas para la Internacionalizaci\u00f3n Descargue las Propuestas para la Investigaci\u00f3n Descargue las Propuestas para la Gobernanza, sustentabilidad ambiental y financiera Principios Rectores El programa se fundamenta en cinco principios orientadores que deben guiar el desarrollo institucional de la Facultad. 1. Excelencia y rigor acad\u00e9mico. 2. Democracia universitaria. 3. Cooperaci\u00f3n acad\u00e9mica. 4. Transparencia y confianza institucional. 5. Sustentabilidad financiera con equidad Ver con detalle los Principios Rectores Excelencia y rigor acad\u00e9mico. La excelencia acad\u00e9mica debe comprenderse como un est\u00e1ndar integral que atraviesa todas las funciones universitarias: docencia, investigaci\u00f3n y vinculaci\u00f3n con el medio y que define la forma en que cada miembro de la comunidad universitaria cumple sus tareas respectivas. La b\u00fasqueda de excelencia no debe reducirse a m\u00e9tricas cuantitativas, sino orientarse a fortalecer el impacto acad\u00e9mico e institucional de la Facultad y a la forma en que cada miembro de su comunidad ejerce su rol. Democracia universitaria. La gobernanza acad\u00e9mica debe basarse en procesos deliberativos transparentes y participativos. La democracia universitaria constituye una fuente de legitimidad institucional. Cooperaci\u00f3n acad\u00e9mica. La cooperaci\u00f3n entre departamentos, centros y programas resulta fundamental para enfrentar desaf\u00edos complejos y desarrollar proyectos colectivos de docencia e investigaci\u00f3n.<\/p>\n","protected":false},"author":1,"featured_media":0,"parent":0,"menu_order":0,"comment_status":"closed","ping_status":"closed","template":"elementor_canvas","meta":{"footnotes":""},"class_list":["post-261","page","type-page","status-publish","hentry"],"_links":{"self":[{"href":"https:\/\/pilarmoraga.cl\/index.php\/wp-json\/wp\/v2\/pages\/261","targetHints":{"allow":["GET"]}}],"collection":[{"href":"https:\/\/pilarmoraga.cl\/index.php\/wp-json\/wp\/v2\/pages"}],"about":[{"href":"https:\/\/pilarmoraga.cl\/index.php\/wp-json\/wp\/v2\/types\/page"}],"author":[{"embeddable":true,"href":"https:\/\/pilarmoraga.cl\/index.php\/wp-json\/wp\/v2\/users\/1"}],"replies":[{"embeddable":true,"href":"https:\/\/pilarmoraga.cl\/index.php\/wp-json\/wp\/v2\/comments?post=261"}],"version-history":[{"count":273,"href":"https:\/\/pilarmoraga.cl\/index.php\/wp-json\/wp\/v2\/pages\/261\/revisions"}],"predecessor-version":[{"id":634,"href":"https:\/\/pilarmoraga.cl\/index.php\/wp-json\/wp\/v2\/pages\/261\/revisions\/634"}],"wp:attachment":[{"href":"https:\/\/pilarmoraga.cl\/index.php\/wp-json\/wp\/v2\/media?parent=261"}],"curies":[{"name":"wp","href":"https:\/\/api.w.org\/{rel}","templated":true}]}}